{"id":42520,"date":"2025-01-24T08:06:43","date_gmt":"2025-01-24T08:06:43","guid":{"rendered":"https:\/\/olivetree.hu\/?page_id=42520"},"modified":"2025-01-24T08:09:29","modified_gmt":"2025-01-24T08:09:29","slug":"aszf","status":"publish","type":"page","link":"https:\/\/olivetree.hu\/en\/aszf\/","title":{"rendered":"\u00c1SZF"},"content":{"rendered":"<div data-elementor-type=\"wp-page\" data-elementor-id=\"42520\" class=\"elementor elementor-42520\">\n\t\t\t\t\t\t<section class=\"elementor-section elementor-top-section elementor-element elementor-element-5b25270 elementor-section-boxed elementor-section-height-default elementor-section-height-default sc_fly_static\" data-id=\"5b25270\" data-element_type=\"section\">\n\t\t\t\t\t\t<div class=\"elementor-container elementor-column-gap-extended\">\n\t\t\t\t\t<div class=\"elementor-column elementor-col-100 elementor-top-column elementor-element elementor-element-d51581c sc_inner_width_none sc_content_align_inherit sc_layouts_column_icons_position_left sc_fly_static\" data-id=\"d51581c\" data-element_type=\"column\">\n\t\t\t<div class=\"elementor-widget-wrap elementor-element-populated\">\n\t\t\t\t\t\t<div class=\"elementor-element elementor-element-2acbd2a sc_fly_static elementor-widget elementor-widget-heading\" data-id=\"2acbd2a\" data-element_type=\"widget\" data-widget_type=\"heading.default\">\n\t\t\t\t<div class=\"elementor-widget-container\">\n\t\t\t\t\t<h2 class=\"elementor-heading-title elementor-size-default\">\u00c1SZF<\/h2>\t\t\t\t<\/div>\n\t\t\t\t<\/div>\n\t\t\t\t<div class=\"elementor-element elementor-element-e2a0d95 sc_fly_static elementor-widget elementor-widget-text-editor\" data-id=\"e2a0d95\" data-element_type=\"widget\" data-widget_type=\"text-editor.default\">\n\t\t\t\t<div class=\"elementor-widget-container\">\n\t\t\t\t\t\t\t\t\t<p><b>1.\u00a0Preambulum<\/b><\/p><p>Jelen \u00c1ltal\u00e1nos Szerz\u0151d\u00e9si Felt\u00e9telek (a tov\u00e1bbiakban: \u00c1SZF) c\u00e9lja, hogy teljesk\u00f6r\u0171en szab\u00e1lyozza a Vasser Joszif (a tov\u00e1bbiakban: Szolg\u00e1ltat\u00f3) \u00e1ltal ny\u00fajtott, az OLIVE TREE vend\u00e9gh\u00e1z sz\u00e1ll\u00e1shely\u00e9nek (a tov\u00e1bbiakban: Sz\u00e1ll\u00e1shely\/Szolg\u00e1ltat\u00e1s) \u00e9s az ahhoz kapcsol\u00f3d\u00f3, a Szolg\u00e1ltat\u00f3 \u00e1ltal ny\u00fajtott egy\u00e9b szolg\u00e1ltat\u00e1sok ig\u00e9nybev\u00e9tel\u00e9nek m\u00f3dj\u00e1t \u00e9s felt\u00e9teleit, valamint a Szolg\u00e1ltat\u00f3 \u00e1ltal m\u0171k\u00f6dtetett\u00a0<a href=\"http:\/\/www.slowood.hu\/\">www.olivetree.hu<\/a>\u00a0honlapon (a tov\u00e1bbiakban: Honlap) el\u00e9rhet\u0151 foglal\u00e1si rendszer \u00e9s web\u00e1ruh\u00e1z felhaszn\u00e1l\u00e1si felt\u00e9teleit.<\/p><p>Jelen \u00c1SZF alkalmaz\u00e1sa nem z\u00e1rja ki a speci\u00e1lis, vagy egyedi meg\u00e1llapod\u00e1sok l\u00e9trej\u00f6tt\u00e9t utaz\u00e1si irod\u00e1kkal, utaz\u00e1sk\u00f6zvet\u00edt\u0151kkel, utaz\u00e1sszervez\u0151kkel, vagy m\u00e1s olyan szem\u00e9lyekkel, partnerekkel, akik a Szolg\u00e1ltat\u00f3 \u00e1ltal ny\u00fajtott szolg\u00e1ltat\u00e1sok \u00e9rt\u00e9kes\u00edt\u00e9se, n\u00e9pszer\u0171s\u00edt\u00e9se \u00e9rdek\u00e9ben a Szolg\u00e1ltat\u00f3val hosszabb t\u00e1von egy\u00fcttm\u0171k\u00f6dnek.<\/p><p><b>2.\u00a0A Szolg\u00e1ltat\u00f3 adatai<\/b><\/p><p>\u00dczemeltet\u0151: Vasser Joszif<\/p><p>Sz\u00e9khely: 2623 Kismaros, Szerpentin \u00fat 1.<\/p><p>Regisztr\u00e1ci\u00f3s sz\u00e1m (NTAK): MA22046550<\/p><p>E-mail c\u00edm: olivtreeforestcabin@gmail.com<\/p><p>Telefonsz\u00e1m: +36 70\/427-0138<\/p><p><b>3.\u00a0\u00c1ltal\u00e1nos \u00e9s \u00e9rtelmez\u0151 rendelkez\u00e9sek<\/b><\/p><p>A honlapon kereszt\u00fcl, vagy m\u00e1s el\u00e9rhet\u0151 m\u00f3don a Szolg\u00e1ltat\u00f3 \u00e1ltal ny\u00fajtott szolg\u00e1ltat\u00e1sok megrendel\u00e9s\u00e9vel a jelen \u00c1SZF \u00e1ltal meghat\u00e1rozott felt\u00e9telek szerinti szolg\u00e1ltat\u00e1sok ig\u00e9nybev\u00e9tel\u00e9re \u00e9s ny\u00fajt\u00e1s\u00e1ra vonatkoz\u00f3 szerz\u0151d\u00e9s j\u00f6n l\u00e9tre a Szolg\u00e1ltat\u00f3 \u00e9s a szolg\u00e1ltat\u00e1st ig\u00e9nybe vev\u0151 (a tov\u00e1bbiakban: Szerz\u0151d\u0151 f\u00e9l) k\u00f6z\u00f6tt. A szerz\u0151d\u00e9s az interneten t\u00e1voll\u00e9v\u0151k k\u00f6z\u00f6tt l\u00e9trej\u00f6tt, magyar nyelv\u0171, de \u00edr\u00e1sba nem foglalt szerz\u0151d\u00e9snek min\u0151s\u00fcl, melynek tartalma ut\u00f3lagosan a foglal\u00e1si rendszerb\u0151l visszakereshet\u0151 \u00e9s hozz\u00e1f\u00e9rhet\u0151, de azt a Szolg\u00e1ltat\u00f3 nem iktatja, magatart\u00e1si k\u00f3dexre nem utal.<\/p><p>A Szerz\u0151d\u0151 f\u00e9l a holnapon t\u00f6rt\u00e9n\u0151 foglal\u00e1s lead\u00e1s\u00e1val egyidej\u0171leg elfogadja a jelen \u00c1SZF \u00e1ltal meghat\u00e1rozott szerz\u0151d\u00e9ses felt\u00e9teleket, annak valamennyi rendelkez\u00e9s\u00e9vel egyet\u00e9rt \u00e9s mag\u00e1ra n\u00e9zve k\u00f6telez\u0151nek ismeri el.\u00a0<\/p><p>A Szolg\u00e1ltat\u00f3 kifejezetten felh\u00edvja a Szerz\u0151d\u0151 f\u00e9l figyelm\u00e9t arra, hogy az megrendel\u00e9s elfogad\u00e1sa csak abban az esetben \u00e9rv\u00e9nyes, ha a Szerz\u0151d\u0151 f\u00e9l legk\u00e9s\u0151bb a megrendel\u00e9s elk\u00fcld\u00e9sekor elfogadja \u00e9s mag\u00e1ra n\u00e9zve k\u00f6telez\u0151nek ismeri el a jelen \u00c1SZF rendelkez\u00e9seit is a foglal\u00e1si rendszerben.<\/p><p><b>4.\u00a0Fogalommeghat\u00e1roz\u00e1sok<\/b><\/p><ul><li><p><b>Szolg\u00e1ltat\u00f3<\/b>: a jelen \u00c1SZF vonatkoz\u00e1s\u00e1ban szolg\u00e1ltat\u00f3 Vasser Joszif, 2623 Kismaros, Szerpentin \u00fat 1.<\/p><\/li><li><p><b>Szerz\u0151d\u0151 f\u00e9l<\/b>: a Szolg\u00e1ltat\u00f3 szolg\u00e1ltat\u00e1sait megrendel\u0151, ig\u00e9nybe vev\u0151 term\u00e9szetes vagy jogi szem\u00e9ly, gazd\u00e1lkod\u00f3 szervezet. Szerz\u0151d\u0151 f\u00e9l az a term\u00e9szetes szem\u00e9ly is, aki a Szolg\u00e1ltat\u00f3 szolg\u00e1ltat\u00e1s\u00e1t t\u00e9nylegesen ig\u00e9nybe veszi. A szolg\u00e1ltat\u00e1st megrendel\u0151 \u00e9s\/vagy ig\u00e9nybe vev\u0151 a tov\u00e1bbiakban egy\u00fcttesen: Vend\u00e9g;<\/p><\/li><li><p><b>Szolg\u00e1ltat\u00e1si meg\u00e1llapod\u00e1s<\/b>: a Szolg\u00e1ltat\u00f3 \u00e9s a Vend\u00e9g \u2013 a felt\u00e9telek teljes\u00fcl\u00e9se eset\u00e9n \u2013 a szolg\u00e1ltat\u00e1si meg\u00e1llapod\u00e1s szerz\u0151d\u0151 feleiv\u00e9 v\u00e1lnak, a tov\u00e1bbiakban egy\u00fcttesen: Szerz\u0151d\u0151 felek.<\/p><\/li><li><p><b>Sz\u00e1ll\u00e1shely-szolg\u00e1ltat\u00e1s<\/b>: \u00fczletszer\u0171 gazdas\u00e1gi tev\u00e9kenys\u00e9g keret\u00e9ben rendszerint nem huzamos jelleg\u0171, \u00e9jszakai ott-tart\u00f3zkod\u00e1st, pihen\u00e9st is mag\u00e1ban foglal\u00f3 tart\u00f3zkod\u00e1s c\u00e9lj\u00e1ra sz\u00e1ll\u00e1shely ny\u00fajt\u00e1sa \u00e9s az ezzel k\u00f6zvetlen\u00fcl \u00f6sszef\u00fcgg\u0151 szolg\u00e1ltat\u00e1sok ny\u00fajt\u00e1sa.<\/p><\/li><li><p><b>Honlap<\/b>: Szolg\u00e1ltat\u00f3\u00a0<a href=\"http:\/\/www.slowood.hu\/\">www.olivetree.hu<\/a>\u00a0weboldalon el\u00e9rhet\u0151 honlapja. A honlap haszn\u00e1lat\u00e1hoz \u00e9s a honlapon t\u00f6rt\u00e9n\u0151 foglal\u00e1shoz el\u0151zetes regisztr\u00e1ci\u00f3ra nincs sz\u00fcks\u00e9g.<\/p><\/li><\/ul><p><b>5.\u00a0A szolg\u00e1ltat\u00e1si szerz\u0151d\u00e9s l\u00e9trej\u00f6tte, a foglal\u00e1s menete, a foglal\u00e1s m\u00f3dos\u00edt\u00e1sa<\/b><\/p><p>A sz\u00e1ll\u00e1shelyfoglal\u00e1s el\u0151zetes regisztr\u00e1ci\u00f3 n\u00e9lk\u00fcl a Szolg\u00e1ltat\u00f3 \u00e1ltal \u00fczemeltetett, a Szolg\u00e1ltat\u00f3 honlapj\u00e1n tal\u00e1lhat\u00f3 oldalon kereszt\u00fcl, elektronikus \u00faton lehets\u00e9ges. Telefonon, postai vagy elektronikus lev\u00e9l form\u00e1j\u00e1ban leadott foglal\u00e1sokat a Szolg\u00e1ltat\u00f3 nem fogad el. A sz\u00e1ll\u00e1shelyfoglal\u00e1ssal kapcsolatos t\u00e1j\u00e9koztat\u00e1st a Szolg\u00e1ltat\u00f3 szint\u00e9n elektronikus \u00faton tov\u00e1bb\u00edtja a Megrendel\u0151 r\u00e9sz\u00e9re.<\/p><p>A megrendel\u00e9s sor\u00e1n a Szerz\u0151d\u0151 f\u00e9l kiv\u00e1lasztja k\u00edv\u00e1nt d\u00e1tumot. A sz\u00e1ll\u00e1shely kiv\u00e1laszt\u00e1s\u00e1t k\u00f6vet\u0151en, a \u201emeger\u0151s\u00edtem\u201d gomb megnyom\u00e1sa el\u0151tt a foglal\u00f3\/sz\u00e1mla fizet\u0151 adatait kell megadni. Az \u00c1ltal\u00e1nos Szerz\u0151d\u00e9si Felt\u00e9tel \u00e9s az Adatv\u00e9delmi nyilatkozat elfogad\u00e1s\u00e1t a mellette l\u00e9v\u0151 n\u00e9gyzet bepip\u00e1l\u00e1s\u00e1val fogadja el a Szerz\u0151d\u0151 f\u00e9l. A \u201eFoglal\u00e1s \u00e9s fizet\u00e9s\u201d gomb megnyom\u00e1sa ut\u00e1n a bankk\u00e1rtyaadatok megad\u00e1s\u00e1val \u00e9s a \u201eFizet\u00e9s\u201d gombra kattint\u00e1s\u00e1val tudja a sz\u00e1ll\u00e1shelyszolg\u00e1ltat\u00e1s d\u00edj\u00e1t kiegyenl\u00edteni vagy jelezni, hogy \u00e1tutal\u00e1ssal k\u00edv\u00e1n fizetni.<\/p><p>A sikeres sz\u00e1ll\u00e1shelyfoglal\u00e1sr\u00f3l a Szerz\u0151d\u0151 f\u00e9l \u00edr\u00e1sbeli visszaigazol\u00e1st kap legk\u00e9s\u0151bb 24 \u00f3r\u00e1n bel\u00fcl. A Szolg\u00e1ltat\u00f3 felh\u00edvja a Szerz\u0151d\u0151 f\u00e9l \u00e9s\/vagy a Vend\u00e9g figyelm\u00e9t, hogy a Szolg\u00e1ltat\u00f3 \u00e1ltal k\u00fcld\u00f6tt visszaigazol\u00e1s akkor tekinthet\u0151 meg\u00e9rkezettnek, ha az hozz\u00e1f\u00e9rhet\u0151v\u00e9 v\u00e1lik a c\u00edmzett f\u00e9l sz\u00e1m\u00e1ra.\u00a0<\/p><p>A Szolg\u00e1ltat\u00f3t nem terheli semmilyen felel\u0151ss\u00e9g abban az esetben, ha a visszaigazol\u00e1st tartalmaz\u00f3 elektronikus \u00fczenet az\u00e9rt nem \u00e9rkezik meg a Szerz\u0151d\u0151 f\u00e9lhez, mert az \u00e1ltala megadott e-mail c\u00edm nem megfelel\u0151, vagy az \u00fczenet nem k\u00e9zbes\u00edthet\u0151 a Szerz\u0151d\u0151 f\u00e9l elektronikus postafi\u00f3kj\u00e1nak tel\u00edtetts\u00e9ge miatt.<\/p><p>A Szolg\u00e1ltat\u00f3 kifejezetten felh\u00edvja a Szerz\u0151d\u0151 f\u00e9l \u00e9s a Vend\u00e9g figyelm\u00e9t, hogy kiz\u00e1r\u00f3lag a megrendel\u00e9s elektronikus \u00faton t\u00f6rt\u00e9nt visszaigazol\u00e1s\u00e1t k\u00f6vet\u0151en \u2013 mely egyben a sz\u00e1ll\u00e1shely foglal\u00e1s\u00e1nak visszaigazol\u00e1s\u00e1t is jelent \u2013 jogosult arra, hogy a szolg\u00e1ltat\u00e1sny\u00fajt\u00e1st k\u00f6vetelje a Szolg\u00e1ltat\u00f3t\u00f3l.\u00a0<\/p><p>A sz\u00f3ban tov\u00e1bb\u00edtott megrendel\u00e9s \u00e9s\/vagy megrendel\u00e9s m\u00f3dos\u00edt\u00e1sa kiz\u00e1r\u00f3lag abban az esetben min\u0151s\u00fcl a Szolg\u00e1ltat\u00f3 \u00e1ltal elfogadottnak, \u00e9s abban az esetben jelent k\u00f6telezetts\u00e9get a Szolg\u00e1ltat\u00f3ra n\u00e9zve, amennyiben az ilyen m\u00f3don tov\u00e1bb\u00edtott megrendel\u00e9st \u00e9s\/vagy megrendel\u00e9s m\u00f3dos\u00edt\u00e1s\u00e1t a Szolg\u00e1ltat\u00f3 \u00edr\u00e1sban visszaigazolta, \u00e9s ekk\u00e9nt a Szolg\u00e1ltat\u00f3 \u00edr\u00e1sbeli visszaigazol\u00e1sa alapj\u00e1n egy\u00e9rtelm\u0171en meg\u00e1llap\u00edthat\u00f3 a l\u00e9trej\u00f6tt, vagy m\u00f3dos\u00edtott szolg\u00e1ltat\u00e1si szerz\u0151d\u00e9s tartalma.<\/p><p>A megrendel\u00e9s \u00e9s\/vagy a megrendel\u00e9s m\u00f3dos\u00edt\u00e1s\u00e1nak a Szolg\u00e1ltat\u00f3 \u00e1ltali sz\u00f3beli visszaigazol\u00e1sa nem jelent k\u00f6telezetts\u00e9get a Szolg\u00e1ltat\u00f3ra n\u00e9zve, m\u00e9g abban az esetben sem, ha a megrendel\u00e9st \u00e9s\/vagy annak m\u00f3dos\u00edt\u00e1s\u00e1t a Vend\u00e9g \u00edr\u00e1sban tov\u00e1bb\u00edtotta.<\/p><p>A szerz\u0151d\u0151 felek k\u00f6z\u00f6tt a Szolg\u00e1ltat\u00f3 \u00e1ltal ny\u00fajtott \u00e9s a Vend\u00e9g \u00e1ltal megrendelt szolg\u00e1ltat\u00e1sok ig\u00e9nybev\u00e9tel\u00e9re vonatkoz\u00f3 szolg\u00e1ltat\u00e1si szerz\u0151d\u00e9s hat\u00e1rozott \u2013 a Szolg\u00e1ltat\u00f3 \u00e1ltal \u00edr\u00e1sban visszaigazolt foglal\u00e1si id\u0151tartammal megegyez\u0151 \u2013 id\u0151re j\u00f6n l\u00e9tre.<\/p><p>Amennyiben a Vend\u00e9g a hat\u00e1rozott id\u0151tartam lej\u00e1rt\u00e1t megel\u0151z\u0151en \u00fagy d\u00f6nt, hogy a Szolg\u00e1ltat\u00f3 \u00e1ltal ny\u00fajtott szolg\u00e1ltat\u00e1sokat a tov\u00e1bbiakban nem k\u00edv\u00e1nja ig\u00e9nybe venni, illet\u0151leg az \u00e9rkez\u00e9si id\u0151pontban nem \u00e9rkezik meg, azonban a megrendelt szolg\u00e1ltat\u00e1sokat a jelen \u00c1SZF-ben meghat\u00e1rozott felt\u00e9telek szerint nem mondta le \u2013 f\u00fcggetlen\u00fcl att\u00f3l, hogy a megrendelt szolg\u00e1ltat\u00e1sok ig\u00e9nybev\u00e9tel\u00e9t megkezdte-e \u2013 k\u00f6teles a szolg\u00e1ltat\u00e1s teljes ellen\u00e9rt\u00e9k\u00e9t a Szolg\u00e1ltat\u00f3 r\u00e9sz\u00e9re megfizetni, a Szolg\u00e1ltat\u00f3 pedig jogosult a megrendelt szolg\u00e1ltat\u00e1sok teljes ellen\u00e9rt\u00e9k\u00e9nek megfizet\u00e9s\u00e9t k\u00f6vetelni, egy\u00fattal jogosult az \u00e9rintett sz\u00e1ll\u00e1shelyet \u00e9s szolg\u00e1ltat\u00e1sokat a Vend\u00e9g \u00e1ltal ig\u00e9nybe nem vett id\u0151szak tekintet\u00e9ben m\u00e1s Vend\u00e9g sz\u00e1m\u00e1ra el\u00e9rhet\u0151v\u00e9, foglalhat\u00f3v\u00e1 tenni.<\/p><p>Amennyiben a Vend\u00e9g a hat\u00e1rozott id\u0151tartam lej\u00e1rt\u00e1t megel\u0151z\u0151en \u00fagy d\u00f6nt, hogy a Szolg\u00e1ltat\u00f3 \u00e1ltal ny\u00fajtott szolg\u00e1ltat\u00e1sokat a Szolg\u00e1ltat\u00f3 \u00e1ltal \u00edr\u00e1sban visszaigazolt megrendel\u00e9sben foglalt hat\u00e1rozott id\u0151n\u00e9l hosszabb ideig k\u00edv\u00e1nja ig\u00e9nybe venni, \u00fagy az a megrendel\u00e9s m\u00f3dos\u00edt\u00e1s\u00e1nak min\u0151s\u00fcl, melyet a Vend\u00e9g k\u00f6teles a Szolg\u00e1ltat\u00f3 r\u00e9sz\u00e9re legk\u00e9s\u0151bb a hat\u00e1rozott id\u0151 lej\u00e1rt\u00e1t megel\u0151z\u0151 napon jelezni, a megrendel\u00e9s ellen\u00e9rt\u00e9k\u00e9t a Szolg\u00e1ltat\u00f3 r\u00e9sz\u00e9re megfizetni, \u00e9s amelyre vonatkoz\u00f3an a Szolg\u00e1ltat\u00f3 \u00edr\u00e1sbeli visszaigazol\u00e1sa eset\u00e9n \u00edr\u00e1sban l\u00e9trej\u00f6ttnek min\u0151s\u00fcl\u0151 szolg\u00e1ltat\u00e1si szerz\u0151d\u00e9s-m\u00f3dos\u00edt\u00e1s j\u00f6n l\u00e9tre a felek k\u00f6z\u00f6tt.<\/p><p>A szolg\u00e1ltat\u00e1si szerz\u0151d\u00e9s m\u00f3dos\u00edt\u00e1sa kiz\u00e1r\u00f3lag a szerz\u0151d\u0151 felek \u00edr\u00e1sba foglalt egybehangz\u00f3 meg\u00e1llapod\u00e1sa \u00fatj\u00e1n lehets\u00e9ges.<\/p><p>A Szolg\u00e1ltat\u00f3 fenntartja a jogot, hogy a szolg\u00e1ltat\u00e1son, illet\u0151leg azok \u00e1rain b\u00e1rmikor m\u00f3dos\u00edtson. A Szolg\u00e1ltat\u00f3 \u00e1ltal biztos\u00edtott sz\u00e1ll\u00e1sokra vonatkoz\u00f3 \u00e1rengedm\u00e9ny vagy m\u00e1s kedvezm\u00e9nyek (akci\u00f3k \u00e9s nyerem\u00e9nyj\u00e1t\u00e9kok) l\u00e9nyeges k\u00f6r\u00fclm\u00e9nyeir\u0151l \u2013 \u00edgy k\u00fcl\u00f6n\u00f6sen azok m\u00e9rt\u00e9k\u00e9r\u0151l \u00e9s id\u0151tartam\u00e1r\u00f3l \u2013 a honlapj\u00e1n el\u00e9rhet\u0151 form\u00e1ban b\u00e1rki sz\u00e1m\u00e1ra hozz\u00e1f\u00e9rhet\u0151 m\u00f3don t\u00e1j\u00e9koztat\u00e1st ny\u00fajt. A Szerz\u0151d\u0151 f\u00e9lnek az akci\u00f3 id\u0151tartama alatt az \u00e9rintett term\u00e9kek vagy szolg\u00e1ltat\u00e1sok tekintet\u00e9ben leadott megrendel\u00e9s\u00e9re \u00e9s annak teljes\u00edt\u00e9s\u00e9re az akci\u00f3 idej\u00e9re meghirdetett felt\u00e9telek az ir\u00e1nyad\u00f3ak.<\/p><p>A Szolg\u00e1ltat\u00f3 a Szerz\u0151d\u0151 f\u00e9l \u00e1ltal leadott, majd elektronikus \u00faton visszaigazolt megrendel\u00e9se alapj\u00e1n a szolg\u00e1ltat\u00e1s ellen\u00e9rt\u00e9k\u00e9r\u0151l elektronikus sz\u00e1ml\u00e1t \u00e1ll\u00edt ki, melyet elektronikus \u00faton (e-mail \u00fatj\u00e1n) tov\u00e1bb\u00edt a Szerz\u0151d\u0151 f\u00e9l r\u00e9sz\u00e9re.<\/p><p>A szolg\u00e1ltat\u00e1sok forintban meghat\u00e1rozott \u00e1r\u00e1t a Szolg\u00e1ltat\u00f3 felt\u00fcnteti, az ilyen m\u00f3don felt\u00fcntetett \u00e1rak az \u00e1ltal\u00e1nos forgalmi ad\u00f3t tartalmazz\u00e1k. A Szolg\u00e1ltat\u00f3 jogosult a term\u00e9kek \u00e9s szolg\u00e1ltat\u00e1sok \u00e1r\u00e1t b\u00e1rmikor egyoldal\u00faan m\u00f3dos\u00edtani.<\/p><p><b>6.\u00a0A szolg\u00e1ltat\u00e1s lemond\u00e1sa, el\u00e1ll\u00e1s, felmond\u00e1s<\/b><\/p><p>A lefoglalt id\u0151pont el\u0151tt 7 nappal teljes p\u00e9nzvisszat\u00e9r\u00edt\u00e9ssel lemondhat\u00f3 vagy \u00e1tfoglalhat\u00f3 a foglal\u00e1s egy m\u00e1sik szabad id\u0151pontra. Ha a lemond\u00e1s az id\u0151pont el\u0151tt kevesebb mint 7 nappal t\u00f6rt\u00e9nik, a befizetett \u00f6sszeg 50%-\u00e1t t\u00e9r\u00edtj\u00fck vissza. Ha a lemond\u00e1s az id\u0151pont el\u0151tt 1 napon bel\u00fcl t\u00f6rt\u00e9nik, sajnos nem \u00e1ll m\u00f3dunkban visszat\u00e9r\u00edt\u00e9st ny\u00fajtani.<\/p><p>Csoportos vagy egy\u00e9ni megrendel\u00e9sek eset\u00e9n a lemond\u00e1si felt\u00e9telek egyedileg ker\u00fclnek meghat\u00e1roz\u00e1sra.<\/p><p>A szolg\u00e1ltat\u00f3 fenntartja mag\u00e1nak a jogot, hogy a Vend\u00e9g \u00e1ltal megrendelt \u00e9s a Szolg\u00e1ltat\u00f3 \u00e1ltal visszaigazolt szolg\u00e1ltat\u00e1sok teljes\u00edt\u00e9s\u00e9t\u0151l legk\u00e9s\u0151bb a szolg\u00e1ltat\u00e1sok ig\u00e9nybev\u00e9tel\u00e9nek megkezd\u00e9s\u00e9t megel\u0151z\u0151 30. napig \u2013 a Vend\u00e9g r\u00e9sz\u00e9re \u00edr\u00e1sban megk\u00fcld\u00f6tt nyilatkozattal \u2013 el\u00e1lljon, \u00e9s a Vend\u00e9g \u00e1ltal esetlegesen p\u00e9nzben megfizetett el\u0151leg egyidej\u0171 visszautal\u00e1sa mellett.<\/p><p>Csoportos vagy egy\u00e9ni megrendel\u00e9sek eset\u00e9n az el\u00e1ll\u00e1si felt\u00e9telek egyedileg ker\u00fclnek meghat\u00e1roz\u00e1sra.<\/p><p>A Szolg\u00e1ltat\u00f3 fenntartja mag\u00e1nak a jogot, hogy speci\u00e1lis felt\u00e9telekhez k\u00f6t\u00f6tt term\u00e9kei \u00e9s szolg\u00e1ltat\u00e1sai \u2013 \u00edgy k\u00fcl\u00f6n\u00f6sen akci\u00f3s aj\u00e1nlatai \u2013 foglal\u00e1sa, csoportos utaz\u00e1s vagy rendezv\u00e9nyek eset\u00e9n a fentiekt\u0151l elt\u00e9r\u0151 egyedileg meg\u00e1llap\u00edtott felt\u00e9teleket \u00e1llap\u00edtson meg.<\/p><p><b>7.\u00a0Egy\u00e9b szolg\u00e1ltat\u00e1sok, aj\u00e1nd\u00e9kutalv\u00e1ny<\/b><\/p><p>Az Olivetree Forest Cabin weboldala nem v\u00e9gez aj\u00e1nd\u00e9kutalv\u00e1ny \u00e9rt\u00e9kes\u00edt\u00e9st.<\/p><p><b>8.\u00a0Szavatoss\u00e1g<\/b><\/p><p><b>8.1 Kell\u00e9kszavatoss\u00e1g<\/b><\/p><p>A Szolg\u00e1ltat\u00f3 a web\u00e1ruh\u00e1zban az \u00e1ltala ny\u00fajtott sz\u00e1ll\u00e1shelyszolg\u00e1ltat\u00e1sokr\u00f3l folyamatos \u00e9s megfelel\u0151 t\u00e1j\u00e9koztat\u00e1st ny\u00fajt.<\/p><p>A Szolg\u00e1ltat\u00f3 a hib\u00e1s teljes\u00edt\u00e9s\u00e9rt felel\u0151ss\u00e9ggel tartozik (kell\u00e9kszavatoss\u00e1g). A Szolg\u00e1ltat\u00f3 hib\u00e1s teljes\u00edt\u00e9se eset\u00e9n a Szerz\u0151d\u0151 f\u00e9l \u00e9s\/vagy a Vend\u00e9g kifog\u00e1st terjeszthet el\u0151, kifog\u00e1s\u00e1t a Szolg\u00e1ltat\u00f3 b\u00e1rmely el\u00e9rhet\u0151s\u00e9g\u00e9n \u00edr\u00e1sban k\u00f6z\u00f6lheti.<\/p><p><i>Milyen esetben \u00e9lhet Szerz\u0151d\u0151 f\u00e9l \u00e9s\/vagy a Vend\u00e9g a kell\u00e9kszavatoss\u00e1gi jog\u00e1val?<\/i><\/p><p>A Szerz\u0151d\u0151 f\u00e9l \u00e9s\/vagy a Vend\u00e9g a Szolg\u00e1ltat\u00f3 hib\u00e1s teljes\u00edt\u00e9se eset\u00e9n a Szolg\u00e1ltat\u00f3val szemben kell\u00e9kszavatoss\u00e1gi ig\u00e9nyt \u00e9rv\u00e9nyes\u00edthet a Polg\u00e1ri T\u00f6rv\u00e9nyk\u00f6nyv szab\u00e1lyai szerint.<\/p><p><i>Milyen jogok illetik meg Szerz\u0151d\u0151 felet \u00e9s\/vagy a Vend\u00e9get kell\u00e9kszavatoss\u00e1gi ig\u00e9nye alapj\u00e1n?<\/i><\/p><p>V\u00e1laszt\u00e1sa szerint az al\u00e1bbi kell\u00e9kszavatoss\u00e1gi ig\u00e9nyekkel \u00e9lhet:<\/p><p>K\u00e9rhet kijav\u00edt\u00e1st vagy kicser\u00e9l\u00e9st, kiv\u00e9ve, ha az ezek k\u00f6z\u00fcl a Vend\u00e9g \u00e1ltal v\u00e1lasztott ig\u00e9ny teljes\u00edt\u00e9se lehetetlen, vagy a Szolg\u00e1ltat\u00f3 sz\u00e1m\u00e1ra m\u00e1s ig\u00e9nye teljes\u00edt\u00e9s\u00e9hez k\u00e9pest ar\u00e1nytalan t\u00f6bbletk\u00f6lts\u00e9ggel j\u00e1rna. Ha a kijav\u00edt\u00e1st vagy a kicser\u00e9l\u00e9st nem k\u00e9rte, illetve nem k\u00e9rhette, \u00fagy ig\u00e9nyelheti az ellenszolg\u00e1ltat\u00e1s ar\u00e1nyos lesz\u00e1ll\u00edt\u00e1s\u00e1t, vagy a hib\u00e1t a Szolg\u00e1ltat\u00f3 k\u00f6lts\u00e9g\u00e9re a Vend\u00e9g is kijav\u00edthatja, illetve m\u00e1ssal kijav\u00edttathatja vagy \u2013 v\u00e9gs\u0151 esetben \u2013 a szerz\u0151d\u00e9st\u0151l is el\u00e1llhat.<\/p><p>V\u00e1lasztott kell\u00e9kszavatoss\u00e1gi jog\u00e1r\u00f3l egy m\u00e1sikra is \u00e1tt\u00e9rhet, az \u00e1tt\u00e9r\u00e9s k\u00f6lts\u00e9g\u00e9t azonban a Vend\u00e9g viseli, kiv\u00e9ve, ha az indokolt volt, vagy arra a Szolg\u00e1ltat\u00f3 adott okot.<\/p><p><i>Milyen hat\u00e1rid\u0151ben \u00e9rv\u00e9nyes\u00edtheti a Vend\u00e9g kell\u00e9kszavatoss\u00e1gi ig\u00e9ny\u00e9t?<\/i><\/p><p>A Vend\u00e9g k\u00f6teles a hib\u00e1t annak felfedez\u00e9se ut\u00e1n halad\u00e9ktalanul, de nem k\u00e9s\u0151bb, mint a hiba felfedez\u00e9s\u00e9t\u0151l sz\u00e1m\u00edtott 2 (k\u00e9t) h\u00f3napon bel\u00fcl k\u00f6z\u00f6lni. Felh\u00edvjuk a figyelm\u00e9t arra, hogy a szerz\u0151d\u00e9s teljes\u00edt\u00e9s\u00e9t\u0151l sz\u00e1m\u00edtott k\u00e9t\u00e9ves el\u00e9v\u00fcl\u00e9si hat\u00e1rid\u0151n t\u00fal kell\u00e9kszavatoss\u00e1gi jogait m\u00e1r nem \u00e9rv\u00e9nyes\u00edtheti. Haszn\u00e1lt dolog eset\u00e9n ez a hat\u00e1rid\u0151 legfeljebb egy \u00e9v.<\/p><p><i>Kivel szemben \u00e9rv\u00e9nyes\u00edtheti kell\u00e9kszavatoss\u00e1gi ig\u00e9ny\u00e9t?<\/i><\/p><p>A Vend\u00e9g a Szolg\u00e1ltat\u00f3val szemben \u00e9rv\u00e9nyes\u00edtheti kell\u00e9kszavatoss\u00e1gi ig\u00e9ny\u00e9t.<\/p><p><i>Milyen egy\u00e9b felt\u00e9tele van kell\u00e9kszavatoss\u00e1gi jogai \u00e9rv\u00e9nyes\u00edt\u00e9s\u00e9nek?<\/i><\/p><p>A teljes\u00edt\u00e9st\u0151l sz\u00e1m\u00edtott hat h\u00f3napon bel\u00fcl a kell\u00e9kszavatoss\u00e1gi ig\u00e9nye \u00e9rv\u00e9nyes\u00edt\u00e9s\u00e9nek a hiba k\u00f6zl\u00e9s\u00e9n t\u00fal nincs egy\u00e9b felt\u00e9tele, ha a Vend\u00e9g igazolja, hogy a term\u00e9ket, illetve a szolg\u00e1ltat\u00e1st a Szolg\u00e1ltat\u00f3 ny\u00fajtotta. A teljes\u00edt\u00e9st\u0151l sz\u00e1m\u00edtott hat h\u00f3nap eltelte ut\u00e1n azonban m\u00e1r a Vend\u00e9g k\u00f6teles bizony\u00edtani, hogy az \u00e1ltala felismert hiba m\u00e1r a teljes\u00edt\u00e9s id\u0151pontj\u00e1ban is megvolt.<\/p><p><b>8.2 Term\u00e9kszavatoss\u00e1g<\/b><\/p><p><i>Milyen esetben \u00e9lhet a Vend\u00e9g a term\u00e9kszavatoss\u00e1gi jog\u00e1val?<\/i><\/p><p>Ing\u00f3 dolog (term\u00e9k) hib\u00e1ja eset\u00e9n a Vend\u00e9g \u2013 v\u00e1laszt\u00e1sa szerint \u2013 az 1. pontban meghat\u00e1rozott jog\u00e1t, vagy term\u00e9kszavatoss\u00e1gi ig\u00e9nyt \u00e9rv\u00e9nyes\u00edthet.<\/p><p><i>Milyen jogok illetik meg a Vend\u00e9get term\u00e9kszavatoss\u00e1gi ig\u00e9nye alapj\u00e1n?<\/i><\/p><p>Term\u00e9kszavatoss\u00e1gi ig\u00e9nyk\u00e9nt a Vend\u00e9g kiz\u00e1r\u00f3lag a hib\u00e1s term\u00e9k kijav\u00edt\u00e1s\u00e1t vagy kicser\u00e9l\u00e9s\u00e9t k\u00e9rheti.<\/p><p><i>Milyen esetben min\u0151s\u00fcl a term\u00e9k hib\u00e1snak?<\/i><\/p><p>A term\u00e9k akkor hib\u00e1s, ha nem felel meg a forgalomba hozatalakor hat\u00e1lyos min\u0151s\u00e9gi k\u00f6vetelm\u00e9nyeknek, vagy ha nem rendelkezik a Szolg\u00e1ltat\u00f3 \u00e1ltal adott le\u00edr\u00e1sban szerepl\u0151 tulajdons\u00e1gokkal.<\/p><p><i>Milyen hat\u00e1rid\u0151ben \u00e9rv\u00e9nyes\u00edtheti a Vend\u00e9g term\u00e9kszavatoss\u00e1gi ig\u00e9ny\u00e9t?<\/i><\/p><p>Term\u00e9kszavatoss\u00e1gi ig\u00e9ny\u00e9t a term\u00e9k Szolg\u00e1ltat\u00f3 \u00e1ltali forgalomba hozatal\u00e1t\u00f3l sz\u00e1m\u00edtott k\u00e9t \u00e9ven bel\u00fcl \u00e9rv\u00e9nyes\u00edtheti. E hat\u00e1rid\u0151 eltelt\u00e9vel e jogosults\u00e1g\u00e1t elveszti.<\/p><p><i>Kivel szemben \u00e9s milyen egy\u00e9b felt\u00e9tellel \u00e9rv\u00e9nyes\u00edtheti term\u00e9kszavatoss\u00e1gi ig\u00e9ny\u00e9t?<\/i><\/p><p>Term\u00e9kszavatoss\u00e1gi ig\u00e9ny\u00e9t kiz\u00e1r\u00f3lag a term\u00e9k gy\u00e1rt\u00f3j\u00e1val vagy forgalmaz\u00f3j\u00e1val szemben gyakorolhatja. A term\u00e9k hib\u00e1j\u00e1t term\u00e9kszavatoss\u00e1gi ig\u00e9ny \u00e9rv\u00e9nyes\u00edt\u00e9se eset\u00e9n a Vend\u00e9gnek kell bizony\u00edtania.<\/p><p><i>A gy\u00e1rt\u00f3 (forgalmaz\u00f3) milyen esetben mentes\u00fcl term\u00e9kszavatoss\u00e1gi k\u00f6telezetts\u00e9ge al\u00f3l?<\/i><\/p><p>A gy\u00e1rt\u00f3 (forgalmaz\u00f3) kiz\u00e1r\u00f3lag akkor mentes\u00fcl term\u00e9kszavatoss\u00e1gi k\u00f6telezetts\u00e9ge al\u00f3l, ha bizony\u00edtani tudja, hogy:<\/p><ul><li><p>a term\u00e9ket nem \u00fczleti tev\u00e9kenys\u00e9ge k\u00f6r\u00e9ben gy\u00e1rtotta, illetve hozta forgalomba, vagy<\/p><\/li><li><p>a hiba a tudom\u00e1ny \u00e9s a technika \u00e1ll\u00e1sa szerint a forgalomba hozatal id\u0151pontj\u00e1ban nem volt felismerhet\u0151, vagy<\/p><\/li><li><p>a term\u00e9k hib\u00e1ja jogszab\u00e1ly vagy k\u00f6telez\u0151 hat\u00f3s\u00e1gi el\u0151\u00edr\u00e1s alkalmaz\u00e1s\u00e1b\u00f3l ered.<\/p><\/li><\/ul><p>A gy\u00e1rt\u00f3nak (forgalmaz\u00f3nak) a mentes\u00fcl\u00e9shez elegend\u0151 egy okot bizony\u00edtania.<\/p><p>Felh\u00edvjuk a figyelm\u00e9t arra, hogy ugyanazon hiba miatt kell\u00e9kszavatoss\u00e1gi \u00e9s term\u00e9kszavatoss\u00e1gi ig\u00e9nyt egyszerre, egym\u00e1ssal p\u00e1rhuzamosan nem \u00e9rv\u00e9nyes\u00edthet. Term\u00e9kszavatoss\u00e1gi ig\u00e9ny\u00e9nek eredm\u00e9nyes \u00e9rv\u00e9nyes\u00edt\u00e9se eset\u00e9n azonban a kicser\u00e9lt term\u00e9kre, illetve kijav\u00edtott r\u00e9szre vonatkoz\u00f3 kell\u00e9kszavatoss\u00e1gi ig\u00e9ny\u00e9t a gy\u00e1rt\u00f3val (forgalmaz\u00f3val) szemben \u00e9rv\u00e9nyes\u00edtheti.<\/p><p><b>8.3 A fogyaszt\u00f3t megillet\u0151 el\u00e1ll\u00e1si vagy felmond\u00e1si jog<\/b><\/p><p>Fogyaszt\u00f3nak min\u0151s\u00fcl\u0151 Vend\u00e9g 14 (tizenn\u00e9gy) napon bel\u00fcl jogosult indokol\u00e1s n\u00e9lk\u00fcl el\u00e1llni a szerz\u0151d\u00e9st\u0151l. Hasonl\u00f3k\u00e9ppen, szolg\u00e1ltat\u00e1s ny\u00fajt\u00e1s\u00e1ra ir\u00e1nyul\u00f3 szerz\u0151d\u00e9s eset\u00e9n, ha a szerz\u0151d\u00e9s teljes\u00edt\u00e9se megkezd\u0151d\u00f6tt, a Vend\u00e9g jogosult 14 (tizenn\u00e9gy) napon bel\u00fcl indokol\u00e1s n\u00e9lk\u00fcl felmondani a szerz\u0151d\u00e9st.<\/p><p>A Vend\u00e9g az el\u00e1ll\u00e1si jog\u00e1t gyakorolhatja erre ir\u00e1nyul\u00f3 egy\u00e9rtelm\u0171 nyilatkozat\u00e1val vagy a jogszab\u00e1lyban erre rendszeres\u00edtett minta-nyilatkozat kit\u00f6lt\u00e9s\u00e9vel (mell\u00e9klet).<\/p><p>Az el\u00e1ll\u00e1si\/felmond\u00e1si hat\u00e1rid\u0151<\/p><p>(i) szolg\u00e1ltat\u00e1s ny\u00fajt\u00e1s\u00e1ra ir\u00e1nyul\u00f3 szerz\u0151d\u00e9s eset\u00e9n a szerz\u0151d\u00e9s megk\u00f6t\u00e9s\u00e9nek napj\u00e1t\u00f3l sz\u00e1m\u00edtott 14 nap eltelt\u00e9vel j\u00e1r le,<\/p><p>(ii) term\u00e9k ad\u00e1sv\u00e9tel\u00e9re ir\u00e1nyul\u00f3 szerz\u0151d\u00e9s eset\u00e9ben att\u00f3l a napt\u00f3l sz\u00e1m\u00edtott 14 nap eltelt\u00e9vel j\u00e1r le, amelyen a Vend\u00e9g, vagy az \u00e1ltala megjel\u00f6lt, a fuvaroz\u00f3t\u00f3l elt\u00e9r\u0151 harmadik szem\u00e9ly a term\u00e9ket \u00e1tveszi;<\/p><p>(ii) t\u00f6bb term\u00e9k szolg\u00e1ltat\u00e1sakor att\u00f3l a napt\u00f3l sz\u00e1m\u00edtott 14 nap eltelt\u00e9vel j\u00e1r le, amelyen a Vend\u00e9g vagy az \u00e1ltala megjel\u00f6lt, a fuvaroz\u00f3t\u00f3l elt\u00e9r\u0151 harmadik szem\u00e9ly az utols\u00f3 term\u00e9k \u00e1tveszi;<\/p><p>(iii) t\u00f6bb t\u00e9telb\u0151l vagy darabb\u00f3l \u00e1ll\u00f3 term\u00e9k szolg\u00e1ltat\u00e1sakor, amelyen a Vend\u00e9g vagy az \u00e1ltala megjel\u00f6lt, a fuvaroz\u00f3t\u00f3l elt\u00e9r\u0151 harmadik szem\u00e9ly az utols\u00f3 t\u00e9telt vagy darabot \u00e1tveszi.<\/p><p>Ha a Vend\u00e9g el\u00e1ll\u00e1si\/felmond\u00e1si jog\u00e1val \u00e9lni k\u00edv\u00e1n, el\u00e1ll\u00e1si\/felmond\u00e1si sz\u00e1nd\u00e9k\u00e1t tartalmaz\u00f3 egy\u00e9rtelm\u0171 nyilatkozat\u00e1t k\u00f6teles eljuttatnia a Szolg\u00e1ltat\u00f3 jelen \u00c1SZF-ben megjel\u00f6lt el\u00e9rhet\u0151s\u00e9gei egyik\u00e9re (post\u00e1n, telefaxon vagy elektronikus lev\u00e9l \u00fatj\u00e1n). A Vend\u00e9g hat\u00e1rid\u0151ben gyakorolja el\u00e1ll\u00e1si\/felmond\u00e1si jog\u00e1t, ha a fent megjel\u00f6lt hat\u00e1rid\u0151 lej\u00e1rta el\u0151tt elk\u00fcldi el\u00e1ll\u00e1si\/felmond\u00e1si nyilatkozat\u00e1t.<\/p><p>Az el\u00e1ll\u00e1s\/felmond\u00e1s joghat\u00e1sai<\/p><p>Ha a Vend\u00e9g el\u00e1ll ett\u0151l a szerz\u0151d\u00e9st\u0151l, halad\u00e9ktalanul, de legk\u00e9s\u0151bb a Vend\u00e9g el\u00e1ll\u00e1si nyilatkozat\u00e1nak k\u00e9zhezv\u00e9tel\u00e9t\u0151l sz\u00e1m\u00edtott 14 napon bel\u00fcl a Szolg\u00e1ltat\u00f3 visszat\u00e9r\u00edti a Vend\u00e9g \u00e1ltal teljes\u00edtett valamennyi ellenszolg\u00e1ltat\u00e1st. A visszat\u00e9r\u00edt\u00e9s sor\u00e1n a Szolg\u00e1ltat\u00f3 az eredeti \u00fcgylet sor\u00e1n alkalmazott fizet\u00e9si m\u00f3ddal egyez\u0151 fizet\u00e9si m\u00f3dot alkalmaz, kiv\u00e9ve, ha a Vend\u00e9g m\u00e1s fizet\u00e9si m\u00f3d ig\u00e9nybev\u00e9tel\u00e9hez kifejezetten a hozz\u00e1j\u00e1rul\u00e1s\u00e1t adja; e visszat\u00e9r\u00edt\u00e9si m\u00f3d alkalmaz\u00e1s\u00e1b\u00f3l kifoly\u00f3lag a Vend\u00e9get semmilyen t\u00f6bbletk\u00f6lts\u00e9g nem terheli.<\/p><p>Amennyiben a Vend\u00e9g k\u00e9rte, hogy a felmond\u00e1si hat\u00e1rid\u0151n bel\u00fcl kezd\u0151dj\u00f6n meg a szolg\u00e1ltat\u00e1s teljes\u00edt\u00e9se, felmond\u00e1sa eset\u00e9n a Vend\u00e9g k\u00f6teles megt\u00e9r\u00edteni a Szolg\u00e1ltat\u00f3 sz\u00e1m\u00e1ra a szerz\u0151d\u00e9s megsz\u0171n\u00e9s\u00e9nek id\u0151pontj\u00e1ig ar\u00e1nyosan teljes\u00edtett szolg\u00e1ltat\u00e1s\u00e9rt j\u00e1r\u00f3 \u00f6sszeget. Hasonl\u00f3k\u00e9ppen a Szolg\u00e1ltat\u00f3 visszat\u00e9r\u00edti a Vend\u00e9g sz\u00e1m\u00e1ra az \u00e1ltala ny\u00fajtott ellenszolg\u00e1ltat\u00e1s azon r\u00e9sz\u00e9t, amely meghaladja a Szolg\u00e1ltat\u00f3 \u00e1ltal ny\u00fajtott szolg\u00e1ltat\u00e1s ellen\u00e9rt\u00e9k\u00e9t.<\/p><p>A Szolg\u00e1ltat\u00f3 kifejezetten felh\u00edvja a Vend\u00e9g figyelm\u00e9t, hogy \u0151t nem illeti meg az el\u00e1ll\u00e1si \/ felmond\u00e1si jog, egyebek mellett:<\/p><ol><li><p>a) a szolg\u00e1ltat\u00e1s ny\u00fajt\u00e1s\u00e1ra ir\u00e1nyul\u00f3 szerz\u0151d\u00e9s eset\u00e9ben a szolg\u00e1ltat\u00e1s eg\u00e9sz\u00e9nek teljes\u00edt\u00e9s\u00e9t k\u00f6vet\u0151en, ha a v\u00e1llalkoz\u00e1s a teljes\u00edt\u00e9st a fogyaszt\u00f3 kifejezett, el\u0151zetes beleegyez\u00e9s\u00e9vel kezdte meg, \u00e9s a fogyaszt\u00f3 tudom\u00e1sul vette, hogy a szolg\u00e1ltat\u00e1s eg\u00e9sz\u00e9nek teljes\u00edt\u00e9s\u00e9t k\u00f6vet\u0151en felmond\u00e1si jog\u00e1t elvesz\u00edti;<\/p><\/li><li><p>b) olyan term\u00e9k vagy szolg\u00e1ltat\u00e1s tekintet\u00e9ben, amelynek \u00e1ra, illetve d\u00edja a p\u00e9nzpiac v\u00e1llalkoz\u00e1s \u00e1ltal nem befoly\u00e1solhat\u00f3, az el\u00e1ll\u00e1si jog gyakorl\u00e1s\u00e1ra nyitva \u00e1ll\u00f3 hat\u00e1rid\u0151 alatt is lehets\u00e9ges ingadoz\u00e1s\u00e1t\u00f3l f\u00fcgg;<\/p><\/li><li><p>c) olyan nem el\u0151re gy\u00e1rtott term\u00e9k eset\u00e9ben, amelyet a fogyaszt\u00f3 utas\u00edt\u00e1sa alapj\u00e1n vagy kifejezett k\u00e9r\u00e9s\u00e9re \u00e1ll\u00edtottak el\u0151, vagy olyan term\u00e9k eset\u00e9ben, amelyet egy\u00e9rtelm\u0171en a fogyaszt\u00f3 szem\u00e9ly\u00e9re szabtak;<\/p><\/li><li><p>d) romland\u00f3 vagy min\u0151s\u00e9g\u00e9t r\u00f6vid ideig meg\u0151rz\u0151 term\u00e9k tekintet\u00e9ben;<\/p><\/li><li><p>e) olyan z\u00e1rt csomagol\u00e1s\u00fa term\u00e9k tekintet\u00e9ben, amely eg\u00e9szs\u00e9gv\u00e9delmi vagy higi\u00e9niai okokb\u00f3l az \u00e1tad\u00e1st k\u00f6vet\u0151 felbont\u00e1sa ut\u00e1n nem k\u00fcldhet\u0151 vissza;<\/p><\/li><li><p>f) olyan term\u00e9k tekintet\u00e9ben, amely jelleg\u00e9n\u00e9l fogva az \u00e1tad\u00e1st k\u00f6vet\u0151en elv\u00e1laszthatatlanul vegy\u00fcl m\u00e1s term\u00e9kkel;<\/p><\/li><li><p>g) olyan alkoholtartalm\u00fa ital tekintet\u00e9ben, amelynek t\u00e9nyleges \u00e9rt\u00e9ke a v\u00e1llalkoz\u00e1s \u00e1ltal nem befoly\u00e1solhat\u00f3 m\u00f3don a piaci ingadoz\u00e1sokt\u00f3l f\u00fcgg, \u00e9s amelynek \u00e1r\u00e1r\u00f3l a felek az ad\u00e1sv\u00e9teli szerz\u0151d\u00e9s megk\u00f6t\u00e9sekor \u00e1llapodtak meg, azonban a szerz\u0151d\u00e9s teljes\u00edt\u00e9s\u00e9re csak a megk\u00f6t\u00e9st\u0151l sz\u00e1m\u00edtott harmincadik napot k\u00f6vet\u0151en ker\u00fcl sor;<\/p><\/li><li><p>h) olyan v\u00e1llalkoz\u00e1si szerz\u0151d\u00e9s eset\u00e9ben, amelyn\u00e9l a v\u00e1llalkoz\u00e1s a fogyaszt\u00f3 kifejezett k\u00e9r\u00e9s\u00e9re keresi fel a fogyaszt\u00f3t s\u00fcrg\u0151s jav\u00edt\u00e1si vagy karbantart\u00e1si munk\u00e1latok elv\u00e9gz\u00e9se c\u00e9lj\u00e1b\u00f3l;<\/p><\/li><li><p>i) lez\u00e1rt csomagol\u00e1s\u00fa hang-, illetve k\u00e9pfelv\u00e9tel, valamint sz\u00e1m\u00edt\u00f3g\u00e9pes szoftver p\u00e9ld\u00e1ny\u00e1nak ad\u00e1sv\u00e9tele tekintet\u00e9ben, ha az \u00e1tad\u00e1st k\u00f6vet\u0151en a fogyaszt\u00f3 a csomagol\u00e1st felbontotta;<\/p><\/li><li><p>j) h\u00edrlap, foly\u00f3irat \u00e9s id\u0151szaki lap tekintet\u00e9ben, az el\u0151fizet\u00e9ses szerz\u0151d\u00e9sek kiv\u00e9tel\u00e9vel;<\/p><\/li><li><p>k) nyilv\u00e1nos \u00e1rver\u00e9sen megk\u00f6t\u00f6tt szerz\u0151d\u00e9sek eset\u00e9ben;<\/p><\/li><li><p>l) lak\u00e1sc\u00e9l\u00fa szolg\u00e1ltat\u00e1s kiv\u00e9tel\u00e9vel sz\u00e1ll\u00e1sny\u00fajt\u00e1sra ir\u00e1nyul\u00f3 szerz\u0151d\u00e9s, fuvaroz\u00e1s, szem\u00e9lyg\u00e9pj\u00e1rm\u0171-k\u00f6lcs\u00f6nz\u00e9s, \u00e9tkeztet\u00e9s vagy szabadid\u0151s tev\u00e9kenys\u00e9gekhez kapcsol\u00f3d\u00f3 szolg\u00e1ltat\u00e1sra ir\u00e1nyul\u00f3 szerz\u0151d\u00e9s eset\u00e9ben, ha a szerz\u0151d\u00e9sben meghat\u00e1rozott teljes\u00edt\u00e9si hat\u00e1rnapot vagy hat\u00e1rid\u0151t k\u00f6t\u00f6ttek ki;<\/p><\/li><li><p>m) a nem t\u00e1rgyi adathordoz\u00f3n ny\u00fajtott digit\u00e1lis adattartalom tekintet\u00e9ben, ha a v\u00e1llalkoz\u00e1s a fogyaszt\u00f3 kifejezett, el\u0151zetes beleegyez\u00e9s\u00e9vel kezdte meg a teljes\u00edt\u00e9st, \u00e9s a fogyaszt\u00f3 e beleegyez\u00e9s\u00e9vel egyidej\u0171leg nyilatkozott annak tudom\u00e1sul v\u00e9tel\u00e9r\u0151l, hogy a teljes\u00edt\u00e9s megkezd\u00e9s\u00e9t k\u00f6vet\u0151en elvesz\u00edti az el\u00e1ll\u00e1s jog\u00e1t.<\/p><\/li><\/ol><p><b>A Szolg\u00e1ltat\u00f3 kifejezetten felh\u00edvja a fogyaszt\u00f3nak min\u0151s\u00fcl\u0151 Szerz\u0151d\u0151 f\u00e9l \u00e9s a Vend\u00e9g figyelm\u00e9t arra, hogy a 45\/2014. (II.26.) Korm. rendelet szerinti, a szerz\u0151d\u00e9sk\u00f6t\u00e9st\u0151l sz\u00e1m\u00edtott 14 (tizenn\u00e9gy) napon bel\u00fcli indokol\u00e1s n\u00e9lk\u00fcli el\u00e1ll\u00e1si, illetve felmond\u00e1si jog a Szerz\u0151d\u0151 felet, \u00e9s a Vend\u00e9get nem illeti meg a jelen \u00c1SZF alapj\u00e1n a Szolg\u00e1ltat\u00f3 \u00e1ltal ny\u00fajtott sz\u00e1ll\u00e1shelyszolg\u00e1ltat\u00e1s, valamint a web\u00e1ruh\u00e1z\u00e1ban el\u00e9rhet\u0151v\u00e9 tett term\u00e9kek \u00e9s szolg\u00e1ltat\u00e1sok jellemz\u0151i miatt.<\/b><\/p><p><b>A fogyaszt\u00f3nak min\u0151s\u00fcl\u0151 Szerz\u0151d\u0151 f\u00e9l \u00e9s Vend\u00e9g az \u00c1SZF elfogad\u00e1s\u00e1val tudom\u00e1sul veszi \u00e9s elfogadja, hogy a Szolg\u00e1ltat\u00f3t\u00f3l jelen \u00c1SZF alapj\u00e1n a Szolg\u00e1ltat\u00f3 \u00e1ltal ny\u00fajtott sz\u00e1ll\u00e1shelyszolg\u00e1ltat\u00e1s, valamint a web\u00e1ruh\u00e1z\u00e1n kereszt\u00fcl megrendelt term\u00e9kek \u00e9s szolg\u00e1ltat\u00e1sok vonatkoz\u00e1s\u00e1ban a 14 (tizenn\u00e9gy) napon bel\u00fcli el\u00e1ll\u00e1si, illetve felmond\u00e1si jog\u00e1t nem gyakorolhatja.\u00a0<\/b><\/p><p>A Szerz\u0151d\u0151 f\u00e9l \u00e9s\/vagy a Vend\u00e9g tudom\u00e1sul veszi, hogy a jelen \u00c1SZF \u00e1ltal meghat\u00e1rozottak szerinti megrendel\u00e9s tov\u00e1bb\u00edt\u00e1sa r\u00e9sz\u00e9r\u0151l aj\u00e1nlatnak min\u0151s\u00fcl, melyhez k\u00f6tve van. Megrendel\u0151 tudom\u00e1sul veszi, hogy a megrendel\u00e9s tov\u00e1bb\u00edt\u00e1s\u00e1val egyidej\u0171leg jelen \u00c1SZF valamint a hozz\u00e1 kapcsol\u00f3d\u00f3 Adatkezel\u00e9si t\u00e1j\u00e9koztat\u00f3 rendelkez\u00e9seit elfogadja, \u00e9s abban foglaltakat mag\u00e1ra n\u00e9zve k\u00f6telez\u0151nek ismeri el.<\/p><p><b>9.\u00a0A szolg\u00e1ltat\u00e1s ellen\u00e9rt\u00e9ke, fizet\u00e9si felt\u00e9telek<\/b><\/p><p>A Szolg\u00e1ltat\u00f3 \u00e1ltal alkalmazott \u00e1rakat a\u00a0<a href=\"http:\/\/www.slowood.hu\/\">www.olivetree.hu<\/a>\u00a0honlapon folyamatosan k\u00f6zz\u00e9teszi. A Szolg\u00e1ltat\u00f3 az \u00e1ltala alkalmazott \u00e1rakat b\u00e1rmikor jogosult szabadon megv\u00e1ltoztatni azzal, hogy a Szolg\u00e1ltat\u00f3 egyoldal\u00fa m\u00f3dos\u00edt\u00e1sa nem vonatkozik a kor\u00e1bban tov\u00e1bb\u00edtott \u00e9s a Szolg\u00e1ltat\u00f3 \u00e1ltal \u00edr\u00e1sban visszaigazolt megrendel\u00e9sek alapj\u00e1n l\u00e9trej\u00f6tt szolg\u00e1ltat\u00e1si szerz\u0151d\u00e9sekre azzal, hogy azok esetleges m\u00f3dos\u00edt\u00e1sa, meghosszabb\u00edt\u00e1sa eset\u00e9n a Szolg\u00e1ltat\u00f3 \u00e1ltal a m\u00f3dos\u00edt\u00e1s, meghosszabb\u00edt\u00e1s id\u0151pontj\u00e1ban alkalmazott szolg\u00e1ltat\u00e1si \u00e1rak az ir\u00e1nyad\u00f3k.<\/p><p>A Szolg\u00e1ltat\u00f3 az \u00e1ltala alkalmazott \u00e1rakat az ir\u00e1nyad\u00f3 jogszab\u00e1lyi el\u0151\u00edr\u00e1soknak megfelel\u0151en forintban t\u00fcnteti fel.<\/p><p>A Szolg\u00e1ltat\u00f3 az egyes szolg\u00e1ltat\u00e1sok ellen\u00e9rt\u00e9k\u00e9nek k\u00f6zl\u00e9sekor minden esetben megjel\u00f6li az ellen\u00e9rt\u00e9k \u00f6sszeg\u00e9nek ad\u00f3tartalm\u00e1t (pl.: \u00e1ltal\u00e1nos forgalmi ad\u00f3, idegenforgalmi ad\u00f3), annak jogszab\u00e1lyban meghat\u00e1rozott m\u00e9rt\u00e9k\u00e9t. A Szolg\u00e1ltat\u00f3 fenntartja mag\u00e1nak a jogot, hogy az alkalmazand\u00f3 ad\u00f3 m\u00e9rt\u00e9k\u00e9nek jogszab\u00e1lyi v\u00e1ltoz\u00e1sa eset\u00e9n az ilyen m\u00f3don keletkez\u0151 t\u00f6bbletet el\u0151zetes \u00e9rtes\u00edt\u00e9s n\u00e9lk\u00fcl \u00e1th\u00e1r\u00edtsa a Szerz\u0151d\u0151 f\u00e9lre \u00e9s\/vagy a Vend\u00e9gre.<\/p><p>Utaz\u00e1si irod\u00e1kkal, utaz\u00e1sk\u00f6zvet\u00edt\u0151kkel val\u00f3 egy\u00fcttm\u0171k\u00f6d\u00e9s eset\u00e9n, egy\u00fcttm\u0171k\u00f6d\u00e9si szerz\u0151d\u00e9s hi\u00e1ny\u00e1ban a partner brutt\u00f3 \u00f6sszeg\u0171 \u2013 jutal\u00e9kot \u00e9s az \u00c1FA m\u00e9rt\u00e9k\u00e9t is tartalmaz\u00f3 \u2013 sz\u00e1ml\u00e1t \u00e1ll\u00edt ki. Szerz\u0151d\u00f6tt partnerek eset\u00e9ben a szerz\u0151d\u00e9sben meg\u00e1llap\u00edtott szerz\u0151d\u00e9ses \u00e1r ker\u00fcl kisz\u00e1ml\u00e1z\u00e1sra.<\/p><p>A Szolg\u00e1ltat\u00f3 megrendelt szolg\u00e1ltat\u00e1sok teljes \u00f6sszeg\u00e9t a szolg\u00e1ltat\u00e1sok k\u00f6r\u00e9re \u00e9s ig\u00e9nybev\u00e9tel\u00e9nek id\u0151tartam\u00e1ra az aktu\u00e1lisan \u00e9rv\u00e9nyes\u00edt\u00e9sre ker\u00fcl\u0151 \u00e1rakkal \u00e9s d\u00edjakkal sz\u00e1m\u00edtva a Szolg\u00e1ltat\u00f3 az \u00e1ltala a Vend\u00e9g r\u00e9sz\u00e9re k\u00fcld\u00f6tt \u00edr\u00e1sos visszaigazol\u00e1s\u00e1ban k\u00f6zli.<\/p><p>A megrendelt term\u00e9kek \u00e9s szolg\u00e1ltat\u00e1sok ellen\u00e9rt\u00e9ke fizethet\u0151<\/p><ul><li><p>banki \u00e1tutal\u00e1ssal, illetve<\/p><\/li><li><p>online (PayPal) bankk\u00e1rty\u00e1val<\/p><\/li><\/ul><p>Banki \u00e1tutal\u00e1s eset\u00e9n a Szerz\u0151d\u0151 f\u00e9l vagy a Vend\u00e9g k\u00f6teles a megrendelt szolg\u00e1ltat\u00e1sok ellen\u00e9rt\u00e9k\u00e9t az \u00e9rkez\u00e9s el\u0151tt a Szolg\u00e1ltat\u00f3 r\u00e9sz\u00e9re marad\u00e9ktalanul megfizetni a Szolg\u00e1ltat\u00f3 \u00e1ltal ki\u00e1ll\u00edtott \u00e9s elektronikus \u00faton tov\u00e1bb\u00edtott elektronikus sz\u00e1ml\u00e1n szerepl\u0151 hat\u00e1rid\u0151ig. A Szolg\u00e1ltat\u00f3 a befizetett \u00f6sszegekr\u0151l a Szerz\u0151d\u0151 fel\u00e9 vagy a Vend\u00e9g fel\u00e9t el\u0151leg- \u00e9s v\u00e9gsz\u00e1ml\u00e1t \u00e1ll\u00edt ki.<\/p><p>El\u0151re t\u00f6rt\u00e9n\u0151 banki \u00e1tutal\u00e1s illet\u0151leg bankk\u00e1rty\u00e1s fizet\u00e9s eset\u00e9n a term\u00e9k \u00e9s\/vagy szolg\u00e1ltat\u00e1s ellen\u00e9rt\u00e9ke akkor tekintend\u0151 megfizetettnek, amennyiben annak \u00f6sszege a Szolg\u00e1ltat\u00f3 banksz\u00e1ml\u00e1j\u00e1n marad\u00e9ktalanul j\u00f3v\u00e1\u00edr\u00e1sra ker\u00fcl.<\/p><p>A Szolg\u00e1ltat\u00f3 t\u00e1j\u00e9koztatja a Szerz\u0151d\u0151 felet, hogy az internetes bankk\u00e1rty\u00e1s fizet\u00e9s lebonyol\u00edt\u00e1s\u00e1t a PayPal biztos\u00edtja. Az online bankk\u00e1rty\u00e1s fizet\u00e9sek a PayPal rendszer\u00e9n kereszt\u00fcl val\u00f3sulnak meg. A bankk\u00e1rtya adatok a keresked\u0151h\u00f6z nem jutnak el.<\/p><p>Bankk\u00e1rty\u00e1s fizet\u00e9s eset\u00e9n a Szerz\u0151d\u0151 f\u00e9l automatikusan \u00e1tir\u00e1ny\u00edt\u00e1sra ker\u00fcl a PayPal fizet\u00e9si oldal\u00e1ra, ahol a d\u00edj kiegyenl\u00edt\u00e9s\u00e9hez meg kell adnia a PayPal \u00e1ltal megk\u00f6vetelt adatokat. A Szolg\u00e1ltat\u00f3 felh\u00edvja a Szerz\u0151d\u0151 f\u00e9l figyelm\u00e9t, hogy az \u00e1ltala szolg\u00e1ltat\u00e1sok ellen\u00e9rt\u00e9ke kiegyenl\u00edt\u00e9se kiz\u00e1r\u00f3lag a PayPal \u00e1ltal elfogadott, internetes v\u00e1s\u00e1rl\u00e1sra alkalmas bankk\u00e1rty\u00e1val lehets\u00e9ges. A Szolg\u00e1ltat\u00f3 felh\u00edvja tov\u00e1bb\u00e1 a Szerz\u0151d\u0151 f\u00e9l figyelm\u00e9t arra, hogy a fizet\u00e9si tranzakci\u00f3 annak v\u00e9grehajt\u00e1s\u00e1t k\u00f6vet\u0151en nem vonhat\u00f3 vissza. Sikertelen fizet\u00e9si tranzakci\u00f3 eset\u00e9n a honlapon hiba\u00fczenet jelenik meg, m\u00edg a szolg\u00e1ltat\u00e1si d\u00edj sikeres kiegyenl\u00edt\u00e9se eset\u00e9n a Szerz\u0151d\u0151 f\u00e9l banksz\u00e1mlaegyenlege a szolg\u00e1ltat\u00e1si d\u00edj \u00f6sszeg\u00e9vel azonnal megterhel\u00e9sre ker\u00fcl.<\/p><p>A Szolg\u00e1ltat\u00f3 t\u00e1j\u00e9koztatja a Szerz\u0151d\u0151 felet, hogy a PayPal fizet\u0151oldal\u00e1n megadott fizet\u00e9si \u00e9s bankk\u00e1rtya adatokat a Szolg\u00e1ltat\u00f3 nem ismeri meg \u00e9s nem is kezeli.<\/p><p>Tekintettel arra, hogy a bankk\u00e1rty\u00e1s fizet\u00e9si tranzakci\u00f3 szab\u00e1lyos lebonyol\u00edt\u00e1sa, a fizet\u00e9s sor\u00e1n megadott adatok kezel\u00e9se, azok titkos\u00edt\u00e1sa \u00e9s a fizet\u00e9si folyamat biztos\u00edt\u00e1s\u00e1nak garant\u00e1l\u00e1sa a PayPal kiz\u00e1r\u00f3lagos k\u00f6telezetts\u00e9g\u00e9be tartozik, \u00edgy a Szolg\u00e1ltat\u00f3 a bankk\u00e1rty\u00e1s fizet\u00e9ssel \u00f6sszef\u00fcgg\u0151, valamint a PayPal hat\u00e1sk\u00f6r\u00e9be tartoz\u00f3 probl\u00e9m\u00e1k\u00e9rt nem v\u00e1llal felel\u0151ss\u00e9get. A Szolg\u00e1ltat\u00f3 nem v\u00e1llal felel\u0151ss\u00e9get tov\u00e1bb\u00e1 a fizet\u00e9si tranzakci\u00f3 sikertelens\u00e9g\u00e9\u00e9rt sem, ha annak oka az internetkapcsolat hib\u00e1j\u00e1ra vezethet\u0151 vissza.<\/p><p>A Szolg\u00e1ltat\u00f3 a megrendelt szolg\u00e1ltat\u00e1sok ellen\u00e9rt\u00e9ke kiegyenl\u00edt\u00e9s\u00e9re k\u00e9szp\u00e9nzhelyettes\u00edt\u0151 fizet\u00e9si eszk\u00f6z\u00f6ket \u2013 \u00edgy az \u00e1ltala kibocs\u00e1tott aj\u00e1nd\u00e9kutalv\u00e1nyt is \u2013 elfogadja, amelyek mindenkori aktu\u00e1lis list\u00e1ja a recepci\u00f3n megtekinthet\u0151.<\/p><p><b>10.\u00a0A szolg\u00e1ltat\u00e1s ig\u00e9nybev\u00e9tel\u00e9nek m\u00f3dja \u00e9s felt\u00e9telei<\/b><\/p><p>A megrendelt \u00e9s a Szolg\u00e1ltat\u00f3 \u00e1ltal \u00edr\u00e1sban visszaigazolt szolg\u00e1ltat\u00e1sok ig\u00e9nybev\u00e9tel\u00e9t a Vend\u00e9g az \u00e9rkez\u00e9s napj\u00e1n 15:00-t\u00f3l kezdheti meg \u00e9s foglalhatja el az adott apartmant (\u201echeck in\u201d), m\u00edg t\u00e1voz\u00e1skor a hat\u00e1rozott id\u0151tartam lej\u00e1rt\u00e1nak napj\u00e1n 10:00 \u00f3r\u00e1ig el kell hagyni az apartmant (\u201echeck out\u201d).<\/p><p>A Szolg\u00e1ltat\u00f3 a Vend\u00e9gek sz\u00e1m\u00e1ra nem teszi lehet\u0151v\u00e9 h\u00e1zi\u00e1llatok elsz\u00e1ll\u00e1sol\u00e1s\u00e1t, behozatal\u00e1t.<\/p><p>A Szolg\u00e1ltat\u00f3 jogosult a szolg\u00e1ltat\u00e1si szerz\u0151d\u00e9st azonnali hat\u00e1llyal felmondani, vagy a szolg\u00e1ltat\u00e1s ny\u00fajt\u00e1s\u00e1t megtagadni, amennyiben:<\/p><ul><li><p>a Vend\u00e9g nem rendeltet\u00e9s szer\u0171\u00e9n haszn\u00e1lja \u00e9s\/vagy rong\u00e1lja a rendelkez\u00e9s\u00e9re bocs\u00e1tott apartmant, illetve a Szolg\u00e1ltat\u00f3 \u00e1ltal biztos\u00edtott szolg\u00e1ltat\u00e1sokat \u00e9s\/vagy azok biztos\u00edt\u00e1s\u00e1ra szolg\u00e1l\u00f3 helyis\u00e9geket;<\/p><\/li><li><p>a Vend\u00e9gi a Szolg\u00e1ltat\u00f3 m\u0171k\u00f6d\u00e9s\u00e9t, h\u00e1zirendj\u00e9t megzavarja, akad\u00e1lyozza \u00e9s e magatart\u00e1s\u00e1val a Szolg\u00e1ltat\u00f3 k\u00e9pvisel\u0151j\u00e9nek felsz\u00f3l\u00edt\u00e1sa ellen\u00e9re sem hagy fel;<\/p><\/li><li><p>a Vend\u00e9g nem tartja be a Szolg\u00e1ltat\u00f3 biztons\u00e1gi el\u0151\u00edr\u00e1sait, pl. tiltott helyen doh\u00e1nyzik, \u00e9s azt a Szolg\u00e1ltat\u00f3 k\u00e9pvisel\u0151j\u00e9nek felsz\u00f3l\u00edt\u00e1sa ellen\u00e9re sem hagyja abba;<\/p><\/li><li><p>a Vend\u00e9g a Szolg\u00e1ltat\u00f3 alkalmazottjaival m\u00e1s vend\u00e9gekkel kifog\u00e1solhat\u00f3 m\u00f3don, durv\u00e1n, viselkedik, alkohol vagy m\u00e1s k\u00e1b\u00edt\u00f3- vagy pszichoakt\u00edv anyag \u00e1ltal okozott ittas vagy b\u00f3dult \u00e1llapotban van, fenyeget\u0151, s\u00e9rt\u0151 vagy m\u00e1s kir\u00edv\u00f3an k\u00f6z\u00f6ss\u00e9gellenes elfogadhatatlan magatart\u00e1st tan\u00fas\u00edt;<\/p><\/li><li><p>a Vend\u00e9g fert\u0151z\u0151, vagy olyan betegs\u00e9gben szenved, amely zavarja a Szolg\u00e1ltat\u00f3 m\u0171k\u00f6d\u00e9s\u00e9t vagy a t\u00f6bbi vend\u00e9g nyugalm\u00e1t. Saj\u00e1t mag\u00e1t ell\u00e1tni k\u00e9ptelen vend\u00e9g nem veheti ig\u00e9nybe a Szolg\u00e1ltat\u00f3 \u00e1ltal ny\u00fajtott szolg\u00e1ltat\u00e1sokat;<\/p><\/li><li><p>a Szerz\u0151d\u0151 f\u00e9l vagy a Vend\u00e9g a Szolg\u00e1ltat\u00f3 \u00e1ltal ig\u00e9nyelt fizet\u00e9si garanciav\u00e1llal\u00e1si \/teljes\u00edt\u00e9si k\u00f6telezetts\u00e9g\u00e9t a Szolg\u00e1ltat\u00f3 \u00e1ltal meghat\u00e1rozott id\u0151pontig nem teljes\u00edtette.<\/p><\/li><\/ul><p>Amennyiben a szolg\u00e1ltat\u00e1si szerz\u0151d\u00e9s b\u00e1rmely vis maior k\u00f6r\u00fclm\u00e9ny miatt nem teljes\u00edthet\u0151, \u00fagy az megsz\u0171nik.<\/p><p>A Vend\u00e9g a Szolg\u00e1ltat\u00f3 \u00e1ltal ny\u00fajtott valamennyi szolg\u00e1ltat\u00e1st teljes tart\u00f3zkod\u00e1si ideje alatt saj\u00e1t felel\u0151ss\u00e9g\u00e9re veszi ig\u00e9nybe.<\/p><p><b>11.\u00a0A vend\u00e9g jogai \u00e9s k\u00f6telezetts\u00e9gei<\/b><\/p><p>A felek k\u00f6z\u00f6tti szolg\u00e1ltat\u00e1si szerz\u0151d\u00e9s \u00e9rtelm\u00e9ben a Vend\u00e9g jogosult az \u00e1ltala megrendelt apartmant, valamint a sz\u00e1ll\u00e1shely azon l\u00e9tes\u00edtm\u00e9nyeit haszn\u00e1lni, amelyek a Szolg\u00e1ltat\u00f3 \u00e1ltal ny\u00fajtott szok\u00e1sos szolg\u00e1ltat\u00e1si k\u00f6rbe tartoznak. \u00e9s nem esnek a speci\u00e1lis felt\u00e9telek hat\u00e1lya al\u00e1.<\/p><p>A Vend\u00e9g a Szolg\u00e1ltat\u00f3 \u00e1ltal ny\u00fajtott szolg\u00e1ltat\u00e1sok teljes\u00edt\u00e9s\u00e9vel kapcsolatban panasszal \u00e9lhet. A Szolg\u00e1ltat\u00f3 k\u00f6telezetts\u00e9get v\u00e1llal arra, hogy a hozz\u00e1 \u00edr\u00e1sban el\u0151terjesztett \u00e9s jegyz\u0151k\u00f6nyvbe felvett panaszt annak be\u00e9rkez\u00e9s\u00e9t k\u00f6vet\u0151 72 \u00f3r\u00e1n bel\u00fcl kivizsg\u00e1lja \u00e9s arra a Vend\u00e9gnek \u00e9rdemi v\u00e1laszt ad.<\/p><p>A Vend\u00e9g k\u00f6teles a szolg\u00e1ltat\u00e1si szerz\u0151d\u00e9sben megrendelt szolg\u00e1ltat\u00e1sok ellen\u00e9rt\u00e9k\u00e9t legk\u00e9s\u0151bb a szerz\u0151d\u00e9sben meghat\u00e1rozott m\u00f3don \u00e9s id\u0151pontig a Szolg\u00e1ltat\u00f3 r\u00e9sz\u00e9re kiegyenl\u00edteni.<\/p><p>A Vend\u00e9g k\u00f6teles az \u0151t \u00e9rt esetleges k\u00e1rt halad\u00e9ktalanul jelezni a Szolg\u00e1ltat\u00f3 r\u00e9sz\u00e9re \u00edr\u00e1sban jelezni, \u00e9s minden sz\u00fcks\u00e9ges adatot a Szolg\u00e1ltat\u00f3 rendelkez\u00e9s\u00e9re bocs\u00e1tani, amely ahhoz sz\u00fcks\u00e9ges, hogy a k\u00e1resem\u00e9ny k\u00f6r\u00fclm\u00e9nyei tiszt\u00e1zhat\u00f3ak legyenek, illetve amelyek egy esetleges szab\u00e1lys\u00e9rt\u00e9si, vagy b\u00fcntet\u0151elj\u00e1r\u00e1s megind\u00edt\u00e1s\u00e1hoz sz\u00fcks\u00e9gesek.<\/p><p><b>12.\u00a0A Vend\u00e9g k\u00e1rt\u00e9r\u00edt\u00e9si felel\u0151ss\u00e9ge<\/b><\/p><p>A Vend\u00e9g felel\u0151s mindazon k\u00e1rok megt\u00e9r\u00edt\u00e9s\u00e9\u00e9rt melyeket a Szolg\u00e1ltat\u00f3 vagy harmadik szem\u00e9ly r\u00e9sz\u00e9re \u0151 maga vagy k\u00eds\u00e9r\u0151je, vagy ezen szem\u00e9lyek b\u00e1rmelyik\u00e9nek fel\u00fcgyelete al\u00e1 tartoz\u00f3 szem\u00e9lyek okoznak. A Vend\u00e9g helyt\u00e1ll\u00e1si k\u00f6telezetts\u00e9ge akkor is fenn\u00e1ll, ha a k\u00e1rosult szem\u00e9ly k\u00e1r\u00e1nak megt\u00e9r\u00edt\u00e9s\u00e9t k\u00f6zvetlen\u00fcl a Szolg\u00e1ltat\u00f3t\u00f3l jogosult k\u00f6vetelni.<\/p><p><b>13.\u00a0A Szolg\u00e1ltat\u00f3 jogai \u00e9s k\u00f6telezetts\u00e9gei<\/b><\/p><p>Amennyiben a Vend\u00e9g az ig\u00e9nybe vett, vagy megrendelt, de ig\u00e9nybe nem vett szolg\u00e1ltat\u00e1sok ellen\u00e9rt\u00e9k\u00e9nek megfizet\u00e9s\u00e9re vonatkoz\u00f3 k\u00f6telezetts\u00e9g\u00e9t nem teljes\u00edti, a Szolg\u00e1ltat\u00f3t k\u00f6vetel\u00e9sei \u00e9s k\u00f6lts\u00e9gei biztos\u00edt\u00e1s\u00e1ra z\u00e1logjog illeti meg a Vend\u00e9g azon vagyont\u00e1rgyaira, amelyeket a Szolg\u00e1ltat\u00f3 \u00e1ltal biztos\u00edtott sz\u00e1ll\u00e1shelyre mag\u00e1val vitt.<\/p><p><b>14.\u00a0A Szolg\u00e1ltat\u00f3 k\u00e1rt\u00e9r\u00edt\u00e9si felel\u0151ss\u00e9ge<\/b><\/p><p>A Szolg\u00e1ltat\u00f3 felel\u0151ss\u00e9get v\u00e1llal minden olyan, a vend\u00e9get \u00e9rt k\u00e1r\u00e9rt, amely a sz\u00e1ll\u00e1shelyen bel\u00fcl a saj\u00e1t, vagy alkalmazottai hib\u00e1j\u00e1b\u00f3l k\u00f6vetkezett be. A Szolg\u00e1ltat\u00f3 felel\u0151ss\u00e9ge nem terjed ki azon k\u00e1resem\u00e9nyekre, amelye a Szolg\u00e1ltat\u00f3 alkalmazottainak \u00e9s vend\u00e9geinek k\u00f6r\u00e9n k\u00edv\u00fcl es\u0151, elh\u00e1r\u00edthatatlan okb\u00f3l k\u00f6vetkeztek be, vagy azokat a Vend\u00e9g vagy a fel\u00fcgyelete al\u00e1 tartoz\u00f3 okozott.<\/p><p>A Szolg\u00e1ltat\u00f3 fenntartja a jogot, hogy a sz\u00e1ll\u00e1shelyen bel\u00fcl olyan helyeket, helyis\u00e9geket jel\u00f6lj\u00f6n ki, ahova Vend\u00e9g nem l\u00e9phet be. A Szolg\u00e1ltat\u00f3 e helyeket, helyis\u00e9geket j\u00f3l l\u00e1that\u00f3 \u00e9s f\u00e9lre nem \u00e9rthet\u0151 m\u00f3don jel\u00f6li ki. A Szolg\u00e1ltat\u00f3 nem v\u00e1llal felel\u0151ss\u00e9get az olyan k\u00e1rok\u00e9rt, amelyek olyan helyeken, helyis\u00e9gekben \u00e9rik a Vend\u00e9get vagy a fel\u00fcgyelet al\u00e1 tartoz\u00f3 szem\u00e9lyeket, ahol a Vend\u00e9g nem l\u00e9phet be.<\/p><p>A Szolg\u00e1ltat\u00f3 felel\u0151ss\u00e9ge csak azokban a dolgokban bek\u00f6vetkezett k\u00e1rok\u00e9rt \u00e1ll fenn, amelyeket a vend\u00e9g a sz\u00e1ll\u00e1shelyen kijel\u00f6lt, illetve \u00e1ltal\u00e1ban erre rendelt helyen vagy az apartmanj\u00e1ban helyezett el, vagy amelyeket a Szolg\u00e1ltat\u00f3 olyan alkalmazottj\u00e1nak adott \u00e1t, akit dolgai \u00e1tv\u00e9tel\u00e9re megalapozottan jogosultnak tarthatott.<\/p><p>A Szolg\u00e1ltat\u00f3 felel\u0151ss\u00e9ge \u00e9rt\u00e9kpap\u00edrok\u00e9rt, k\u00e9szp\u00e9nz\u00e9rt \u00e9s egy\u00e9b \u00e9rt\u00e9kt\u00e1rgyak\u00e9rt akkor \u00e1ll fenn, ha a Szolg\u00e1ltat\u00f3 a dolgot meg\u0151rz\u00e9sre \u00e1tvette vagy a meg\u0151rz\u00e9sre \u00e1tv\u00e9telt megtagadta. Az \u00edgy elhelyezett dolgok\u00e9rt a Szolg\u00e1ltat\u00f3 felel\u0151ss\u00e9ge korl\u00e1tlan.<\/p><p>A Szolg\u00e1ltat\u00f3 k\u00e1rt\u00e9r\u00edt\u00e9si felel\u0151ss\u00e9ge csak akkor \u00e1ll fenn, ha azt a k\u00e1r bek\u00f6vetkez\u00e9s\u00e9t k\u00f6vet\u0151en a Vend\u00e9g a sz\u00fcks\u00e9ges adatokkal azonnal jelenti a Szolg\u00e1ltat\u00f3 r\u00e9sz\u00e9re \u00edr\u00e1sban. A Szolg\u00e1ltat\u00f3 felel\u0151ss\u00e9ge nem terjed ki a Vend\u00e9gek csomagjaira \u00e9s azok tartalm\u00e1ra a sz\u00e1ll\u00e1shelyre \u00e9rkez\u00e9s \u00e9s onnan t\u00f6rt\u00e9n\u0151 t\u00e1voz\u00e1s alkalm\u00e1val, ki- \u00e9s bepakol\u00e1skor, tov\u00e1bb\u00e1 az apartmanba \u00e9s onnan t\u00f6rt\u00e9n\u0151 sz\u00e1ll\u00edt\u00e1s sor\u00e1n. A Szolg\u00e1ltat\u00f3 k\u00e1rt\u00e9r\u00edt\u00e9si felel\u0151ss\u00e9g\u00e9nek m\u00e9rt\u00e9ke a szolg\u00e1ltat\u00e1si szerz\u0151d\u00e9s szerinti napi szoba\u00e1r \u00f6sszeg\u00e9nek legfeljebb az \u00f6tvenszeres\u00e9nek megfelel\u0151 \u00f6sszeg.<\/p><p><b>15.\u00a0A Vend\u00e9g betegs\u00e9ge, hal\u00e1la<\/b><\/p><p>Amennyiben a Vend\u00e9g a sz\u00e1ll\u00e1hely elfoglal\u00e1s\u00e1t k\u00f6vet\u0151en, a szolg\u00e1ltat\u00e1s ig\u00e9nybev\u00e9tel\u00e9nek id\u0151tartama alatt megbetegszik \u00e9s err\u0151l a Szolg\u00e1ltat\u00f3 tudom\u00e1ssal b\u00edr, a Szolg\u00e1ltat\u00f3 k\u00f6teles az orvosi seg\u00edts\u00e9get felaj\u00e1nlani a Vend\u00e9g r\u00e9sz\u00e9re azzal, hogy a felaj\u00e1nlott \u00e9s elfogadott orvosi seg\u00edts\u00e9g k\u00f6lts\u00e9gei a vend\u00e9get terhelik. Amennyiben az orvos fert\u0151z\u0151 betegs\u00e9get \u00e1llap\u00edt meg, a Szolg\u00e1ltat\u00f3 jogosult a szolg\u00e1ltat\u00e1s teljes\u00edt\u00e9s\u00e9nek megtagad\u00e1s\u00e1ra, vagy a szolg\u00e1ltat\u00e1si szerz\u0151d\u00e9s azonnali hat\u00e1llyal t\u00f6rt\u00e9n\u0151 felmond\u00e1s\u00e1ra. A hat\u00e1rozott id\u0151tartam lej\u00e1rt\u00e1t megel\u0151z\u0151en t\u00f6rt\u00e9n\u0151 t\u00e1voz\u00e1s valamennyi k\u00f6lts\u00e9ge a Vend\u00e9get terheli.<\/p><p>A Vend\u00e9g betegs\u00e9ge vagy hal\u00e1la eset\u00e9n a Szolg\u00e1ltat\u00f3 k\u00f6lts\u00e9gkompenz\u00e1ci\u00f3ra tarthat ig\u00e9nyt a beteg vagy az elhunyt hozz\u00e1tartoz\u00f3ja, \u00f6r\u00f6k\u00f6se r\u00e9sz\u00e9r\u0151l a Szolg\u00e1ltat\u00f3 \u00e1ltal esetlegesen el\u0151legezett orvosi k\u00f6lts\u00e9gek, az elhal\u00e1loz\u00e1st megel\u0151z\u0151en ig\u00e9nybe vett szolg\u00e1ltat\u00e1sok ellen\u00e9rt\u00e9k\u00e9nek \u00e9s a betegs\u00e9g, vagy hal\u00e1l kapcs\u00e1n a Szolg\u00e1ltat\u00f3 \u00e9s\/vagy vend\u00e9gei vagyont\u00e1rgyaiban bek\u00f6vetkezett k\u00e1rok erej\u00e9ig. A vend\u00e9g elhal\u00e1loz\u00e1s\u00e1t a Szolg\u00e1ltat\u00f3 a szerz\u0151d\u00e9s hat\u00e1rozott id\u0151tartama lej\u00e1rta el\u0151tti t\u00e1voz\u00e1snak tekinti \u00e9s ebben az esetben a szerz\u0151d\u00e9ses id\u0151tartam fennmarad\u00f3 r\u00e9sz\u00e9re es\u0151 ellen\u00e9rt\u00e9k \u00f6sszeg\u00e9t nem k\u00f6teles a t\u00f6rv\u00e9nyes \u00f6r\u00f6k\u00f6s(\u00f6k) r\u00e9sz\u00e9re visszat\u00e9r\u00edteni.<\/p><p><b>16.\u00a0A szolg\u00e1ltat\u00e1si szerz\u0151d\u00e9s megsz\u0171n\u00e9se, elsz\u00e1mol\u00e1s a felek k\u00f6z\u00f6tt<\/b><\/p><p>A Felek k\u00f6z\u00f6tt jelen \u00c1SZF alapj\u00e1n l\u00e9trej\u00f6v\u0151 szolg\u00e1ltat\u00e1si szerz\u0151d\u00e9s megsz\u0171nik, illetve megsz\u00fcntethet\u0151:<\/p><ul><li><p>a szerz\u0151d\u00e9s automatikus megsz\u0171n\u00e9se eset\u00e9n \u2013 a hat\u00e1rozott id\u0151tartam lej\u00e1rt\u00e1val,<\/p><\/li><li><p>a felek k\u00f6z\u00f6s megegyez\u00e9s\u00e9vel,<\/p><\/li><li><p>a megrendel\u00e9st\u0151l t\u00f6rt\u00e9n\u0151 el\u00e1ll\u00e1ssal,<\/p><\/li><li><p>a Szolg\u00e1ltat\u00f3 el\u00e1ll\u00e1s\u00e1val vagy felmond\u00e1s\u00e1val.<\/p><\/li><\/ul><p>A felek a szolg\u00e1ltat\u00e1si szerz\u0151d\u00e9st k\u00f6z\u00f6s megegyez\u00e9ssel b\u00e1rmikor jogosultak megsz\u00fcntetni azzal, hogy a megsz\u00fcntet\u00e9st \u00edr\u00e1sba kell foglalni \u00e9s annak tartalmaznia kell a felek teljesk\u00f6r\u0171 elsz\u00e1mol\u00e1s\u00e1t.<\/p><p>A szerz\u0151d\u00e9sk\u00f6t\u00e9st k\u00f6vet\u0151en, de a teljes\u00edt\u00e9s megkezd\u00e9se el\u0151tt a Szerz\u0151d\u0151 f\u00e9l jogosult a megrendel\u00e9st\u0151l el\u00e1llni azzal, hogy k\u00f6teles a Szolg\u00e1ltat\u00f3 \u00e1ltal esetlegesen felsz\u00e1m\u00edtott k\u00f6tb\u00e9r megfizet\u00e9s\u00e9re.<\/p><p>A szerz\u0151d\u00e9sk\u00f6t\u00e9st k\u00f6vet\u0151en, de a teljes\u00edt\u00e9s megkezd\u00e9se el\u0151tt a Szolg\u00e1ltat\u00f3 jogosult a szolg\u00e1ltat\u00e1si szerz\u0151d\u00e9st\u0151l el\u00e1llni illetve a jelen \u00c1SZF-ben foglalt felt\u00e9telek teljes\u00fcl\u00e9se eset\u00e9n a teljes\u00edt\u00e9st megtagadni, m\u00edg a szolg\u00e1ltat\u00e1s ig\u00e9nybev\u00e9tel\u00e9nek megkezd\u00e9s\u00e9t k\u00f6vet\u0151en jogosult azt a jelen \u00c1SZF-ben r\u00f6gz\u00edtett felt\u00e9telek teljes\u00fcl\u00e9se eset\u00e9n a szerz\u0151d\u00e9st felmondani.<\/p><p>Felek a szolg\u00e1ltat\u00e1si szerz\u0151d\u00e9s b\u00e1rmely okb\u00f3l t\u00f6rt\u00e9n\u0151 megsz\u0171n\u00e9se eset\u00e9n k\u00f6teles legk\u00e9s\u0151bb a megsz\u0171n\u00e9st\u0151l sz\u00e1m\u00edtott 15 (tizen\u00f6t) napon bel\u00fcl egym\u00e1ssal elsz\u00e1molni.\u00a0<\/p><p><b>17.\u00a0Egy\u00e9b rendelkez\u00e9sek<\/b><\/p><p><b>17.1 Panaszkezel\u00e9s<\/b><\/p><p>Amennyiben a fogyaszt\u00f3nak min\u0151s\u00fcl\u0151 Szerz\u0151d\u0151 f\u00e9lnek \u00e9s\/vagy Vend\u00e9gnek b\u00e1rmilyen panasza mer\u00fclne fel az \u00e1ltala ig\u00e9nybe vett szolg\u00e1ltat\u00e1ssal \u00f6sszef\u00fcgg\u00e9sben, \u00fagy jogosult panasszal \u00e9lni a Szolg\u00e1ltat\u00f3n\u00e1l.<\/p><p>A fogyaszt\u00f3nak min\u0151s\u00fcl\u0151 Szerz\u0151d\u0151 f\u00e9l \u00e9s\/vagy Vend\u00e9g panasz\u00e1t postai vagy elektronikus \u00faton \u00edr\u00e1sban vagy sz\u00f3ban a Szolg\u00e1ltat\u00f3 sz\u00e9khely\u00e9n juttathatja el a Szolg\u00e1ltat\u00f3 r\u00e9sz\u00e9re.<\/p><p>A Szolg\u00e1ltat\u00f3 a sz\u00f3beli panaszt azonnal megvizsg\u00e1lja \u00e9s sz\u00fcks\u00e9g szerint orvosolja. Ha a Szerz\u0151d\u0151 f\u00e9l \u00e9s\/vagy Vend\u00e9g a panasz kezel\u00e9s\u00e9vel nem \u00e9rt egyet, vagy a panasz azonnali kivizsg\u00e1l\u00e1sa nem lehets\u00e9ges, a Szolg\u00e1ltat\u00f3 a panaszr\u00f3l \u00e9s azzal kapcsolatos \u00e1ll\u00e1spontj\u00e1r\u00f3l jegyz\u0151k\u00f6nyvet vesz fel, melynek egy m\u00e1solati p\u00e9ld\u00e1ny\u00e1t a Szerz\u0151d\u0151 f\u00e9l \u00e9s\/vagy a Vend\u00e9g r\u00e9sz\u00e9re szem\u00e9lyesen \u00e1tadja, telefonon vagy egy\u00e9b elektronikus h\u00edrk\u00f6zl\u00e9si szolg\u00e1ltat\u00e1s felhaszn\u00e1l\u00e1s\u00e1val k\u00f6z\u00f6lt sz\u00f3beli panasz eset\u00e9n legk\u00e9s\u0151bb 30 (harminc) napon bel\u00fcl az \u00e9rdemi v\u00e1lasszal egy\u00fctt megk\u00fcldi.<\/p><p>Az \u00edr\u00e1beli panaszt a Szolg\u00e1ltat\u00f3 a be\u00e9rkez\u00e9st k\u00f6vet\u0151en 30 (harminc) napon bel\u00fcl kivizsg\u00e1lja \u00e9s t\u00e1j\u00e9koztatja a panaszost a vizsg\u00e1lat eredm\u00e9ny\u00e9r\u0151l, a panaszt \u00edr\u00e1sban \u00e9rdemben megv\u00e1laszolja annak esetleges elutas\u00edt\u00e1sa eset\u00e9n \u00e1ll\u00e1spontj\u00e1t megindokolja \u00e9s t\u00e1j\u00e9koztatja a panaszost, hogy milyen jogorvoslati lehet\u0151s\u00e9gek \u00e1llnak a rendelkez\u00e9s\u00e9re.<\/p><p>A panaszos panasz\u00e1nak elutas\u00edt\u00e1sa eset\u00e9n jogosult saj\u00e1t lak\u00f3- illetve tart\u00f3zkod\u00e1si helye, vagy a Szolg\u00e1ltat\u00f3 sz\u00e9khelye szerint illet\u00e9kes b\u00e9k\u00e9ltet\u0151 test\u00fclethez fordulni. A Szolg\u00e1ltat\u00f3t a b\u00e9k\u00e9ltet\u0151 test\u00fcleti elj\u00e1r\u00e1sban egy\u00fcttm\u0171k\u00f6d\u00e9si k\u00f6telezetts\u00e9g terheli. A Szolg\u00e1ltat\u00f3 sz\u00e9khelye szerint az al\u00e1bbi b\u00e9k\u00e9ltet\u0151 test\u00fclet jogosult elj\u00e1rni a fogyaszt\u00f3i jogvita eset\u00e9n:<\/p><p>Budapesti B\u00e9k\u00e9ltet\u0151 Test\u00fclet<\/p><p>C\u00edm: 1016 Budapest, Krisztina krt. 99<\/p><p>Lev\u00e9lc\u00edm: 1253 Budapest, Postafi\u00f3k 10.<\/p><p>Telefon: +36 1\u00a0488 21 31<\/p><p>Weboldal: https:\/\/bekeltet.bkik.hu\/elerhetosegek<\/p><p>E-mail: bekelteto.testulet@bkik.hu<\/p><p>A panaszos lak\u00f3helye, vagy tart\u00f3zkod\u00e1si helye szerinti b\u00e9k\u00e9ltet\u0151 test\u00fclet sz\u00e9khelye, telefonos, internetes el\u00e9rhet\u0151s\u00e9ge, valamint levelez\u00e9si-, \u00e9s e-mail c\u00edme az al\u00e1bbi linken az adott, illet\u00e9kes b\u00e9k\u00e9ltet\u0151 test\u00fclet honlapj\u00e1ra kattintva tal\u00e1lhat\u00f3 meg:\u00a0<a href=\"https:\/\/mkik.hu\/a-bekelteto-testuletek-teruleti-honlapjai\">https:\/\/mkik.hu\/a-bekelteto-testuletek-teruleti-honlapjai<\/a><\/p><p>Az Eur\u00f3pai Uni\u00f3 \u00e1ltal biztos\u00edtott online vitarendez\u00e9si platform valamennyi, az Eur\u00f3pai Uni\u00f3ban tart\u00f3zkod\u00e1si hellyel rendelkez\u0151 fogyaszt\u00f3 \u00e9s az ott letelepedett keresked\u0151 k\u00f6z\u00f6tti online ad\u00e1sv\u00e9teli vagy szolg\u00e1ltat\u00e1si szerz\u0151d\u00e9sekb\u0151l ered\u0151 k\u00f6telezetts\u00e9gekkel kapcsolatban felmer\u00fcl\u0151 jogvita b\u00edr\u00f3s\u00e1gi elj\u00e1r\u00e1son k\u00edv\u00fcl rendez\u00e9se \u00e9rdek\u00e9ben ny\u00fajt alternat\u00edv vitarendez\u00e9si f\u00f3rumot. Az Eur\u00f3pai Online Vitarendez\u00e9si Platform az al\u00e1bbi linkre kattintva \u00e9rhet\u0151 el:\u00a0<a href=\"https:\/\/ec.europa.eu\/consumers\/odr\/main\/index.cfm?event=main.home2.show&amp;lng=HU\">https:\/\/ec.europa.eu\/consumers\/odr\/main\/index.cfm?event=main.home2.show&amp;lng=HU<\/a>. Az online vitarendez\u00e9s r\u00e9szletes le\u00edr\u00e1sa a\u00a0<a href=\"https:\/\/ec.europa.eu\/consumers\/odr\/main\/?event=main.home.howitworks\">https:\/\/ec.europa.eu\/consumers\/odr\/main\/?event=main.home.howitworks<\/a>, m\u00edg az online vitarendez\u00e9s elind\u00edt\u00e1sa a\u00a0<a href=\"https:\/\/ec.europa.eu\/consumers\/odr\/main\/?event=main.complaints.screeningphase\">https:\/\/ec.europa.eu\/consumers\/odr\/main\/?event=main.complaints.screeningphase<\/a>\u00a0oldalon kezdem\u00e9nyezhet\u0151. Emellett a panaszos fogyaszt\u00f3i panasz\u00e1val kapcsolatosan a ter\u00fcletileg illet\u00e9kes j\u00e1r\u00e1si hivatalhoz is fordulhat. A fogyaszt\u00f3v\u00e9delmi hat\u00f3s\u00e1gi \u00fcgyekben els\u0151fokon a j\u00e1r\u00e1si hivatal j\u00e1r el. A j\u00e1r\u00e1si hivatalok illet\u00e9kess\u00e9ge a\u00a0<a href=\"https:\/\/jarasinfo.gov.hu\/\">https:\/\/jarasinfo.gov.hu\/<\/a>\u00a0oldalon \u00e9rhet\u0151 el.<\/p><p><b>17.2 Az \u00c1SZF hat\u00e1lya<\/b><\/p><p>Szem\u00e9lyi hat\u00e1lya: Jelen \u00c1SZF hat\u00e1lya kiterjed a Szolg\u00e1ltat\u00f3 \u00e9s a Szerz\u0151d\u0151 f\u00e9l k\u00f6z\u00f6tt l\u00e9trej\u00f6tt, a szolg\u00e1ltat\u00e1s foglal\u00e1s\u00e1val \u00e9s ekk\u00e9nt elektronikus megrendel\u00e9ssel l\u00e9trej\u00f6tt jogviszonyra.<\/p><p>T\u00e1rgyi hat\u00e1lya: Jelen \u00c1SZF teljesk\u00f6r\u0171en \u00e9s automatikusan szab\u00e1lyozza a Szolg\u00e1ltat\u00f3 \u00e9s a Szerz\u0151d\u0151 f\u00e9l k\u00f6z\u00f6tti, sz\u00e1ll\u00e1shely-szolg\u00e1ltat\u00e1s ny\u00fajt\u00e1s\u00e1ra, valamint az ahhoz kapcsol\u00f3d\u00f3 szolg\u00e1ltat\u00e1sokra ir\u00e1nyul\u00f3 szerz\u0151d\u00e9s felt\u00e9teleit.<\/p><p>Ter\u00fcleti hat\u00e1lya: Jelen \u00c1SZF kiterjed a Szolg\u00e1ltat\u00f3 \u00e9s a Szerz\u0151d\u0151 f\u00e9l k\u00f6z\u00f6tti, sz\u00e1ll\u00e1shely-szolg\u00e1ltat\u00e1s ny\u00fajt\u00e1s\u00e1ra, valamint az ahhoz kapcsol\u00f3d\u00f3 szolg\u00e1ltat\u00e1sokra ir\u00e1nyul\u00f3 Magyarorsz\u00e1g ter\u00fclet\u00e9n l\u00e9trej\u00f6tt jog\u00fcgyletre<\/p><p>Id\u0151beli hat\u00e1lya: Jelen \u00c1SZF annak kihirdet\u00e9s\u00e9vel l\u00e9p hat\u00e1lyba, \u00e9s annak a Szolg\u00e1ltat\u00f3 \u00e1ltali visszavon\u00e1s\u00e1ig vagy m\u00f3dos\u00edt\u00e1s\u00e1ig hat\u00e1lyban marad. A Szolg\u00e1ltat\u00f3 \u00e9s a Szerz\u0151d\u0151 f\u00e9l \u00e9s\/vagy a Vend\u00e9g k\u00f6z\u00f6tt a jelen \u00c1SZF alapj\u00e1n l\u00e9trej\u00f6v\u0151 szolg\u00e1ltat\u00e1si szerz\u0151d\u00e9ssel \u00f6sszef\u00fcgg\u00e9sben felmer\u00fcl\u0151 vit\u00e1s k\u00e9rd\u00e9sek elb\u00edr\u00e1l\u00e1s\u00e1ra mindig a foglal\u00e1s lead\u00e1s\u00e1nak id\u0151pontj\u00e1ban hat\u00e1lyos \u00c1SZF rendelkez\u00e9sei ir\u00e1nyad\u00f3k.<\/p><p><b>17.3 Az \u00c1SZF el\u00e9rhet\u0151s\u00e9ge \u00e9s m\u00f3dos\u00edt\u00e1sa<\/b><\/p><p>A Szolg\u00e1ltat\u00f3 biztos\u00edtja, hogy a Szerz\u0151d\u0151 f\u00e9l \u00e9s\/vagy a Vend\u00e9g a \u00c1SZF elfogad\u00e1s\u00e1t megel\u0151z\u0151en annak tartalm\u00e1t megismerhesse, \u00e9rtelmezhesse.<\/p><p>A Szolg\u00e1ltat\u00f3 az \u00c1SZF mindenkor hat\u00e1lyos sz\u00f6veg\u00e9t k\u00f6zz\u00e9teszi a\u00a0<a href=\"http:\/\/www.slowood.hu\/\">www.olivetree.hu<\/a>\u00a0honlapj\u00e1n, amely \u00edgy b\u00e1rki sz\u00e1m\u00e1ra hozz\u00e1f\u00e9rhet\u0151, nyilv\u00e1nos. A Szolg\u00e1ltat\u00f3 fenntartja mag\u00e1nak a jogot arra, hogy a jelen \u00c1SZF rendelkez\u00e9seit b\u00e1rmikor egyoldal\u00faan m\u00f3dos\u00edtja. Szolg\u00e1ltat\u00f3 a m\u00f3dos\u00edtott \u00c1SZF sz\u00f6veg\u00e9t annak hat\u00e1lybal\u00e9p\u00e9s\u00e9t megel\u0151z\u0151 15 (tizen\u00f6t) nappal azt a\u00a0<a href=\"http:\/\/www.slowood.hu\/\">www.olivetree.hu<\/a>\u00a0honlapon k\u00f6zz\u00e9teszi.<\/p><p><b>17.4 Szem\u00e9lyes adatok kezel\u00e9se<\/b><\/p><p>A Szolg\u00e1ltat\u00f3 szavatoss\u00e1got v\u00e1llal arra, hogy a szolg\u00e1ltat\u00e1sny\u00fajt\u00e1ssal \u00f6sszef\u00fcgg\u00e9sben tudom\u00e1s\u00e1ra jut\u00f3 szem\u00e9lyes adatokat az ir\u00e1nyad\u00f3 adatv\u00e9delmi jogszab\u00e1lyi el\u0151\u00edr\u00e1sokkal \u00f6sszhangban kezeli.<\/p><p>A Szolg\u00e1ltat\u00f3 szavatol tov\u00e1bb\u00e1 az\u00e9rt, hogy a jelen \u00c1SZF alapj\u00e1n l\u00e9trej\u00f6v\u0151 szolg\u00e1ltat\u00e1si szerz\u0151d\u00e9s teljes\u00edt\u00e9se sor\u00e1n v\u00e9gzett adatkezel\u00e9si tev\u00e9kenys\u00e9ge minden megfelel az Eur\u00f3pai Parlament \u00e9s a Tan\u00e1cs (EU) 2016\/679 RENDELETE (2016. \u00c1PRILIS 27.) a term\u00e9szetes szem\u00e9lyeknek a szem\u00e9lyes adatok kezel\u00e9se tekintet\u00e9ben t\u00f6rt\u00e9n\u0151 v\u00e9delm\u00e9r\u0151l \u00e9s az ilyen adatok szabad \u00e1raml\u00e1s\u00e1r\u00f3l, valamint a 95\/46\/EK ir\u00e1nyelv hat\u00e1lyon k\u00edv\u00fcl helyez\u00e9s\u00e9r\u0151l sz\u00f3l\u00f3 rendelet\u00e9nek (\u00e1ltal\u00e1nos adatv\u00e9delmi rendelet), (a tov\u00e1bbiakban:\u00a0<b>GDPR<\/b>), valamint az inform\u00e1ci\u00f3s \u00f6nrendelkez\u00e9si jogr\u00f3l \u00e9s az inform\u00e1ci\u00f3 szabads\u00e1gr\u00f3l sz\u00f3l\u00f3 2011. \u00e9vi CXII. t\u00f6rv\u00e9ny (a tov\u00e1bbiakban:\u00a0<b>Info tv.<\/b>) rendelkez\u00e9seinek, a Szolg\u00e1ltat\u00f3 \u00edgy k\u00fcl\u00f6n\u00f6sen, de nem kiz\u00e1r\u00f3lagosan megfelel\u0151 jogalappal rendelkezik a szem\u00e9lyes adatok kezel\u00e9s\u00e9hez, az adatkezel\u00e9si tev\u00e9kenys\u00e9get jogszer\u0171 c\u00e9l el\u00e9r\u00e9se \u00e9rdek\u00e9ben v\u00e9gzi, \u00e9s ezen c\u00e9l el\u00e9r\u00e9s\u00e9hez felt\u00e9tlen\u00fcl sz\u00fcks\u00e9ges ideig \u00e9s adatk\u00f6r vonatkoz\u00e1s\u00e1ban.<\/p><p>A Szolg\u00e1ltat\u00f3 adatkezel\u00e9s\u00e9re vonatkoz\u00f3 rendelkez\u00e9seket k\u00fcl\u00f6n Adatkezel\u00e9si t\u00e1j\u00e9koztat\u00f3 r\u00f6gz\u00edti.<\/p><p><b>17.5 Vis maior<\/b><\/p><p>Azon okok, k\u00f6r\u00fclm\u00e9nyek (pl.: h\u00e1bor\u00fa, t\u0171z, \u00e1rv\u00edz, id\u0151j\u00e1r\u00e1si viszontags\u00e1g, \u00e1ramkimarad\u00e1s, sztr\u00e1jk, stb.) amely felett a sem a Szolg\u00e1ltat\u00f3, sem a Vend\u00e9g, vagy a Szerz\u0151d\u0151 f\u00e9l nem b\u00edr ellen\u0151rz\u00e9ssel \u2013 vis maior \u2013 b\u00e1rmely felet felmentik a szerz\u0151d\u00e9sb\u0151l ered\u0151 k\u00f6telezetts\u00e9geik teljes\u00edt\u00e9se al\u00f3l, am\u00edg ezen ok vagy k\u00f6r\u00fclm\u00e9ny fenn\u00e1ll. A szerz\u0151d\u0151 felek minden t\u0151l\u00fck telhet\u0151t megtesznek az\u00e9rt, hogy ezen okok \u00e9s k\u00f6r\u00fclm\u00e9nyek bek\u00f6vetkez\u00e9s\u00e9nek lehet\u0151s\u00e9g\u00e9t minimaliz\u00e1lj\u00e1k \u00e9s az ez\u00e1ltal okozott k\u00e1rt, vagy k\u00e9sedelmet a lehet\u0151 leghamarabb helyrehozz\u00e1k.<\/p><p><b>17.6 Szerz\u0151i jogok<\/b><\/p><p>A\u00a0<a href=\"http:\/\/www.slowood.hu\/\">www.olivetree.hu<\/a>\u00a0honlapon fellelhet\u0151 inform\u00e1ci\u00f3k, f\u00e9nyk\u00e9pek \u00e9s sz\u00f6veges tartalmak a Szolg\u00e1ltat\u00f3 tulajdon\u00e1t k\u00e9pezik. A web\u00e1ruh\u00e1zban, valamint a foglal\u00e1si rendszerben tal\u00e1lhat\u00f3 f\u00e9nyk\u00e9pek \u00e9s le\u00edr\u00e1sok, mint szellemi term\u00e9kek felhaszn\u00e1l\u00e1s\u00e1ra kiz\u00e1r\u00f3lag a Szolg\u00e1ltat\u00f3 jogosult, annak jogosulatlan m\u00e1sol\u00e1sa, tov\u00e1bb\u00edt\u00e1sa vagy egy\u00e9b m\u00f3don t\u00f6rt\u00e9n\u0151 felhaszn\u00e1l\u00e1sa nem megengedett.<\/p><p>A Szolg\u00e1ltat\u00f3 fenntartja minden jog\u00e1t szolg\u00e1ltat\u00e1s\u00e1nak valamennyi elem\u00e9re, a domain neveire, az azokkal k\u00e9pzett m\u00e1sodlagos domain nevekre, valamint az internetes rekl\u00e1mfel\u00fcleteire.<\/p><p>Tilos a\u00a0<a href=\"http:\/\/www.slowood.hu\/\">www.olivetree.hu<\/a>\u00a0weboldal tartalm\u00e1nak, illetve egyes r\u00e9szeinek adapt\u00e1ci\u00f3ja vagy visszafejt\u00e9se, a felhaszn\u00e1l\u00f3i azonos\u00edt\u00f3k \u00e9s jelszavak tisztess\u00e9gtelen m\u00f3don t\u00f6rt\u00e9n\u0151 l\u00e9tes\u00edt\u00e9se, b\u00e1rmely olyan alkalmaz\u00e1s haszn\u00e1lata, amellyel a\u00a0<a href=\"http:\/\/www.slowood.hu\/\">www.olivetree.hu<\/a>\u00a0weboldal vagy annak b\u00e1rmely r\u00e9sze m\u00f3dos\u00edthat\u00f3, indexelhet\u0151. A\u00a0<a href=\"http:\/\/www.slowood.hu\/\">www.olivetree.hu<\/a>\u00a0n\u00e9v szerz\u0151i jogi v\u00e9delmet \u00e9lvez, felhaszn\u00e1l\u00e1sa a hivatkoz\u00e1s kiv\u00e9tel\u00e9vel kiz\u00e1r\u00f3lag a Szolg\u00e1ltat\u00f3 el\u0151zetes \u00edr\u00e1sbeli hozz\u00e1j\u00e1rul\u00e1sa eset\u00e9n lehets\u00e9ges. Felhaszn\u00e1l\u00e1si enged\u00e9ly n\u00e9lk\u00fcl felhaszn\u00e1l\u00e1s eset\u00e9n a Szolg\u00e1ltat\u00f3t k\u00f6tb\u00e9r illeti meg, melynek \u00f6sszege 1.000.000,- Ft jogs\u00e9rt\u00e9senk\u00e9nt.<\/p><p><b>17.7 Vegyes rendelkez\u00e9sek<\/b><\/p><p>A felek k\u00f6telezetts\u00e9get v\u00e1llalnak arra, hogy a jelen \u00c1SZF alapj\u00e1n l\u00e9trej\u00f6v\u0151 szerz\u0151d\u00e9sb\u0151l fakad\u00f3 k\u00f6telezetts\u00e9geik teljes\u00edt\u00e9se sor\u00e1n az ir\u00e1nyad\u00f3 jogszab\u00e1lyi rendelkez\u00e9seket betartva, a j\u00f3hiszem\u0171s\u00e9g \u00e9s tisztess\u00e9g k\u00f6vetelm\u00e9ny\u00e9nek megfelel\u0151en j\u00e1rnak el, \u00e9s egym\u00e1ssal k\u00f6lcs\u00f6n\u00f6sen egy\u00fcttm\u0171k\u00f6dnek, egym\u00e1st \u00e9rint\u0151 minden l\u00e9nyeges k\u00f6r\u00fclm\u00e9nyr\u0151l indokolatlan k\u00e9sedelem n\u00e9lk\u00fcl t\u00e1j\u00e9koztatj\u00e1k.<\/p><p>A Szolg\u00e1ltat\u00f3 a jelen \u00c1SZF rendelkez\u00e9seit, illetve a honlapj\u00e1n \u00e1ltala k\u00f6z\u00f6lt inform\u00e1ci\u00f3kat mag\u00e1ra n\u00e9zve k\u00f6telez\u0151nek tekinti \u00e9s azok teljes\u00edt\u00e9se \u00e9rdek\u00e9ben minden esetben \u00fagy j\u00e1r el, ahogy az az adott helyzetben \u00e1ltal\u00e1ban elv\u00e1rhat\u00f3.<\/p><p>A jelen \u00c1SZF elfogad\u00e1s\u00e1val a felek k\u00f6z\u00f6tt l\u00e9trej\u00f6v\u0151 szolg\u00e1ltat\u00e1si szerz\u0151d\u00e9sb\u0151l ered\u0151 jogok \u00e9s k\u00f6telezetts\u00e9gek gyakorl\u00e1sa sor\u00e1n a felek k\u00f6telesek a m\u00e1sik f\u00e9l jogos \u00e9rdek\u00e9t figyelembe v\u00e9ve elj\u00e1rni. A Szerz\u0151d\u0151 f\u00e9l \u00e9s a Vend\u00e9g k\u00f6teles tov\u00e1bb\u00e1 a szerz\u0151d\u00e9s teljes\u00edt\u00e9se sor\u00e1n \u00fagy elj\u00e1rni, hogy az a Szolg\u00e1ltat\u00f3 j\u00f3 \u00fczleti h\u00edrnev\u00e9t ne s\u00e9rtse, illetve ne vesz\u00e9lyeztesse.<\/p><p>A jelen \u00c1SZF alapj\u00e1n l\u00e9trej\u00f6v\u0151 szolg\u00e1ltat\u00e1si szerz\u0151d\u00e9s megk\u00f6t\u00e9s\u00e9vel, teljes\u00edt\u00e9s\u00e9vel \u00f6sszef\u00fcgg\u00e9sben a Szolg\u00e1ltat\u00f3val, illetve annak tev\u00e9kenys\u00e9g\u00e9vel \u00f6sszef\u00fcgg\u00e9sben a Szerz\u0151d\u0151 f\u00e9l \u00e9s a Vend\u00e9g tudom\u00e1s\u00e1ra jut\u00f3 inform\u00e1ci\u00f3, t\u00e9ny, adat, \u00edgy k\u00fcl\u00f6n\u00f6sen de nem kiz\u00e1r\u00f3lagosan a jelen \u00c1SZF alapj\u00e1n l\u00e9trej\u00f6v\u0151 egyedi szolg\u00e1ltat\u00e1si szerz\u0151d\u00e9sek l\u00e9te \u00e9s tartalma \u00fczleti titoknak min\u0151s\u00fcl, azokat a Szerz\u0151d\u0151 f\u00e9l \u00e9s a Vend\u00e9g harmadik szem\u00e9lynek nem adhatja ki, nem teheti hozz\u00e1f\u00e9rhet\u0151v\u00e9 \u00e9s a szerz\u0151d\u00e9sek teljes\u00edt\u00e9s\u00e9t\u0151l elt\u00e9r\u0151 m\u00e1s c\u00e9lra nem haszn\u00e1lhatja fel.<\/p><p>A Szerz\u0151d\u0151 f\u00e9l \u00e9s a Vend\u00e9g v\u00e1llalja, hogy a Szolg\u00e1ltat\u00f3 el\u0151zetes \u00edr\u00e1sos beleegyez\u00e9se n\u00e9lk\u00fcl harmadik szem\u00e9lyek sz\u00e1m\u00e1ra nem ad \u00e1t \u00e9s nem hoz nyilv\u00e1noss\u00e1gra a jelen \u00c1SZF alapj\u00e1n l\u00e9trej\u00f6v\u0151 egyedi szolg\u00e1ltat\u00e1si szerz\u0151d\u00e9sek tartalm\u00e1val \u00e9s\/vagy azok teljes\u00edt\u00e9s\u00e9vel kapcsolatos semmilyen inform\u00e1ci\u00f3t, k\u00fcl\u00f6n\u00f6sen, de nem kiz\u00e1r\u00f3lagosan a szolg\u00e1ltat\u00e1si szerz\u0151d\u00e9s teljes\u00edt\u00e9s\u00e9nek id\u0151pontj\u00e1ig. A Szerz\u0151d\u0151 f\u00e9l v\u00e1llalja, hogy minden t\u0151le telhet\u0151 int\u00e9zked\u00e9st megtesz annak megakad\u00e1lyoz\u00e1s\u00e1ra, hogy harmadik szem\u00e9lyek hozz\u00e1f\u00e9rjenek vagy megismerj\u00e9k a jelen \u00c1SZF alapj\u00e1n l\u00e9trej\u00f6v\u0151 egyedi szolg\u00e1ltat\u00e1si szerz\u0151d\u00e9seket vagy azok teljes\u00edt\u00e9s\u00e9hez kapcsol\u00f3d\u00f3 bizalmas ismereteket vagy inform\u00e1ci\u00f3kat.<\/p><p>Amennyiben a Szolg\u00e1ltat\u00f3 valamely, a jelen \u00c1SZF-ben r\u00f6gz\u00edtett jog\u00e1t nem gyakorolja, \u00fagy a joggyakorl\u00e1s elmarad\u00e1sa nem min\u0151s\u00fcl a Szolg\u00e1ltat\u00f3 r\u00e9sz\u00e9r\u0151l az adott jogr\u00f3l t\u00f6rt\u00e9n\u0151 lemond\u00e1snak.<\/p><p>Mindazon esetleges k\u00e1rok\u00e9rt, melyek a\u00a0<a href=\"http:\/\/www.slowood.hu\/\">www.olivetree.hu<\/a>\u00a0weboldal \u00e9s\/vagy a foglal\u00e1si rendszer \u00e9s\/vagy a web\u00e1ruh\u00e1z m\u0171k\u00f6d\u00e9s\u00e9ben felmer\u00fcl\u0151 hiba vagy hi\u00e1nyoss\u00e1g miatt k\u00f6vetkeznek be a Szerz\u0151d\u0151 f\u00e9l \u00e9s\/vagy a Vend\u00e9g oldal\u00e1n, a Szolg\u00e1ltat\u00f3 a felel\u0151ss\u00e9g\u00e9t kiz\u00e1rja.<\/p><p>A felek a szerz\u0151d\u00e9s teljes\u00edt\u00e9se sor\u00e1n, illetve a szolg\u00e1ltat\u00e1sny\u00fajt\u00e1ssal \u00f6sszef\u00fcgg\u00e9sben felmer\u00fcl\u0151 valamennyi k\u00e9rd\u00e9s vonatkoz\u00e1s\u00e1ban a kapcsolatot egym\u00e1ssal els\u0151dlegesen \u00edr\u00e1sban, e-mail \u00fatj\u00e1n tartj\u00e1k.<\/p><p>A Szolg\u00e1ltat\u00f3 valamennyi \u00e9rtes\u00edt\u00e9st, t\u00e1j\u00e9koztat\u00e1st, jognyilatkozatot a Szerz\u0151d\u0151 f\u00e9lnek \u00e9s\/vagy a Vend\u00e9gnek a szolg\u00e1ltat\u00e1s megrendel\u00e9sekor megadott e-mail c\u00edm\u00e9re k\u00fcld el. A Szolg\u00e1ltat\u00f3 a Szerz\u0151d\u0151 f\u00e9l \u00e9s\/vagy a Vend\u00e9g \u00e1ltal \u00e9rkez\u0151 valamennyi \u00edr\u00e1sbeli megkeres\u00e9s fogad\u00e1s\u00e1ra az\u00a0olivtreeforestcabin@gmail.com\u00a0e-mail c\u00edmet tartja fenn. Amennyiben a Szerz\u0151d\u0151 f\u00e9l \u00e9s\/vagy a Vend\u00e9g e-mail c\u00edme id\u0151k\u00f6zben m\u00f3dosul, \u00fagy k\u00f6teles err\u0151l a Szolg\u00e1ltat\u00f3t halad\u00e9ktalanul t\u00e1j\u00e9koztatni. A fenti t\u00e1j\u00e9koztat\u00e1si k\u00f6telezetts\u00e9g elmulaszt\u00e1s\u00e1b\u00f3l ered\u0151 h\u00e1tr\u00e1nyos k\u00f6vetkezm\u00e9nyek\u00e9rt a Szolg\u00e1ltat\u00f3t semmilyen felel\u0151ss\u00e9g nem terheli.<\/p><p>A jelen \u00c1SZF hat\u00e1lya al\u00e1 tartoz\u00f3 valamennyi szerz\u0151d\u00e9sre a magyar jog, \u00edgy k\u00fcl\u00f6n\u00f6sen a Polg\u00e1ri T\u00f6rv\u00e9nyk\u00f6nyvr\u0151l sz\u00f3l\u00f3 2013. \u00e9vi V. t\u00f6rv\u00e9ny (a tov\u00e1bbiakban: Ptk.), az elektronikus kereskedelmi szolg\u00e1ltat\u00e1sok, az inform\u00e1ci\u00f3s t\u00e1rsadalommal \u00f6sszef\u00fcgg\u0151 szolg\u00e1ltat\u00e1sok egyes k\u00e9rd\u00e9seir\u0151l sz\u00f3l\u00f3 2001. \u00e9vi CVIII. t\u00f6rv\u00e9ny, valamint az egy\u00e9b vonatkoz\u00f3 jogszab\u00e1lyi el\u0151\u00edr\u00e1sok az ir\u00e1nyad\u00f3k. Amennyiben a szerz\u0151d\u00e9s a Szolg\u00e1ltat\u00f3 \u00e9s a fogyaszt\u00f3nak min\u0151s\u00fcl\u0151 Szerz\u0151d\u0151 f\u00e9l \u00e9s\/vagy Vend\u00e9g k\u00f6z\u00f6tt j\u00f6n l\u00e9tre, \u00fagy a felek jogviszony\u00e1ra a fogyaszt\u00f3 \u00e9s a v\u00e1llalkoz\u00e1s k\u00f6z\u00f6tti szerz\u0151d\u00e9sek r\u00e9szletes szab\u00e1lyair\u00f3l sz\u00f3l\u00f3 45\/2014. (II. 26.) Korm.rendelet rendelkez\u00e9seit is \u00e9rtelemszer\u0171en alkalmazni kell.<\/p><p>A felek a k\u00f6z\u00f6tt\u00fck l\u00e9trej\u00f6tt szolg\u00e1ltat\u00e1si szerz\u0151d\u00e9sekb\u0151l fakad\u00f3 vit\u00e1s k\u00e9rd\u00e9seket els\u0151dlegesen t\u00e1rgyal\u00e1sok \u00fatj\u00e1n, peres elj\u00e1r\u00e1son k\u00edv\u00fcl k\u00edv\u00e1nj\u00e1k rendezni. Amennyiben a felek k\u00f6z\u00f6tti t\u00e1rgyal\u00e1sok nem vezetnek eredm\u00e9nyre, vagy a vitarendez\u00e9s el\u0151rel\u00e1that\u00f3lag sikertelen, \u00fagy a felek a Budai K\u00f6zponti Ker\u00fcleti B\u00edr\u00f3s\u00e1g (1021 Budapest, Budakeszi \u00fat 51\/b) illetve a F\u0151v\u00e1rosi T\u00f6rv\u00e9nysz\u00e9k (1021 Budapest, Budakeszi \u00fat 51\/b) kiz\u00e1r\u00f3lagos illet\u00e9kess\u00e9g\u00e9t.<\/p><p><b>Jelen \u00c1SZF 2024. m\u00e1jus 1. napj\u00e1t\u00f3l hat\u00e1lyos. <\/b><\/p>\t\t\t\t\t\t\t\t<\/div>\n\t\t\t\t<\/div>\n\t\t\t\t\t<\/div>\n\t\t<\/div>\n\t\t\t\t\t<\/div>\n\t\t<\/section>\n\t\t\t\t<\/div>","protected":false},"excerpt":{"rendered":"<p>\u00c1SZF 1.\u00a0Preambulum Jelen \u00c1ltal\u00e1nos Szerz\u0151d\u00e9si Felt\u00e9telek (a tov\u00e1bbiakban: \u00c1SZF) c\u00e9lja, hogy teljesk\u00f6r\u0171en szab\u00e1lyozza a Vasser Joszif (a tov\u00e1bbiakban: Szolg\u00e1ltat\u00f3) \u00e1ltal ny\u00fajtott, az OLIVE TREE vend\u00e9gh\u00e1z sz\u00e1ll\u00e1shely\u00e9nek (a tov\u00e1bbiakban: Sz\u00e1ll\u00e1shely\/Szolg\u00e1ltat\u00e1s) \u00e9s&hellip;<\/p>","protected":false},"author":1,"featured_media":0,"parent":0,"menu_order":0,"comment_status":"closed","ping_status":"closed","template":"","meta":{"footnotes":""},"class_list":["post-42520","page","type-page","status-publish","hentry"],"yoast_head":"<!-- This site is optimized with the Yoast SEO plugin v26.3 - https:\/\/yoast.com\/wordpress\/plugins\/seo\/ -->\n<title>\u00c1SZF - Olive Tree Forest Cabin Original<\/title>\n<meta name=\"robots\" content=\"index, follow, max-snippet:-1, max-image-preview:large, max-video-preview:-1\" \/>\n<link rel=\"canonical\" href=\"https:\/\/olivetree.hu\/en\/aszf\/\" \/>\n<meta property=\"og:locale\" content=\"en_US\" \/>\n<meta property=\"og:type\" content=\"article\" \/>\n<meta property=\"og:title\" content=\"\u00c1SZF - Olive Tree Forest Cabin Original\" \/>\n<meta property=\"og:description\" content=\"\u00c1SZF 1.\u00a0Preambulum Jelen \u00c1ltal\u00e1nos Szerz\u0151d\u00e9si Felt\u00e9telek (a tov\u00e1bbiakban: \u00c1SZF) c\u00e9lja, hogy teljesk\u00f6r\u0171en szab\u00e1lyozza a Vasser Joszif (a tov\u00e1bbiakban: Szolg\u00e1ltat\u00f3) \u00e1ltal ny\u00fajtott, az OLIVE TREE vend\u00e9gh\u00e1z sz\u00e1ll\u00e1shely\u00e9nek (a tov\u00e1bbiakban: Sz\u00e1ll\u00e1shely\/Szolg\u00e1ltat\u00e1s) \u00e9s&hellip;\" \/>\n<meta property=\"og:url\" content=\"https:\/\/olivetree.hu\/en\/aszf\/\" \/>\n<meta property=\"og:site_name\" content=\"Olive Tree Forest Cabin Original\" \/>\n<meta property=\"article:modified_time\" content=\"2025-01-24T08:09:29+00:00\" \/>\n<meta name=\"twitter:card\" content=\"summary_large_image\" \/>\n<meta name=\"twitter:label1\" content=\"Est. reading time\" \/>\n\t<meta name=\"twitter:data1\" content=\"25 minutes\" \/>\n<script type=\"application\/ld+json\" class=\"yoast-schema-graph\">{\"@context\":\"https:\/\/schema.org\",\"@graph\":[{\"@type\":\"WebPage\",\"@id\":\"https:\/\/olivetree.hu\/en\/aszf\/\",\"url\":\"https:\/\/olivetree.hu\/en\/aszf\/\",\"name\":\"\u00c1SZF - Olive Tree Forest Cabin Original\",\"isPartOf\":{\"@id\":\"https:\/\/olivetree.hu\/#website\"},\"datePublished\":\"2025-01-24T08:06:43+00:00\",\"dateModified\":\"2025-01-24T08:09:29+00:00\",\"breadcrumb\":{\"@id\":\"https:\/\/olivetree.hu\/en\/aszf\/#breadcrumb\"},\"inLanguage\":\"en-US\",\"potentialAction\":[{\"@type\":\"ReadAction\",\"target\":[\"https:\/\/olivetree.hu\/en\/aszf\/\"]}]},{\"@type\":\"BreadcrumbList\",\"@id\":\"https:\/\/olivetree.hu\/en\/aszf\/#breadcrumb\",\"itemListElement\":[{\"@type\":\"ListItem\",\"position\":1,\"name\":\"Home\",\"item\":\"https:\/\/olivetree.hu\/\"},{\"@type\":\"ListItem\",\"position\":2,\"name\":\"\u00c1SZF\"}]},{\"@type\":\"WebSite\",\"@id\":\"https:\/\/olivetree.hu\/#website\",\"url\":\"https:\/\/olivetree.hu\/\",\"name\":\"Olive Tree Forest Cabin Original\",\"description\":\"Olive Tree Forest Cabin Original\",\"publisher\":{\"@id\":\"https:\/\/olivetree.hu\/#organization\"},\"potentialAction\":[{\"@type\":\"SearchAction\",\"target\":{\"@type\":\"EntryPoint\",\"urlTemplate\":\"https:\/\/olivetree.hu\/?s={search_term_string}\"},\"query-input\":{\"@type\":\"PropertyValueSpecification\",\"valueRequired\":true,\"valueName\":\"search_term_string\"}}],\"inLanguage\":\"en-US\"},{\"@type\":\"Organization\",\"@id\":\"https:\/\/olivetree.hu\/#organization\",\"name\":\"Olive Tree Forest Cabin Original\",\"url\":\"https:\/\/olivetree.hu\/\",\"logo\":{\"@type\":\"ImageObject\",\"inLanguage\":\"en-US\",\"@id\":\"https:\/\/olivetree.hu\/#\/schema\/logo\/image\/\",\"url\":\"https:\/\/olivetree.hu\/wp-content\/uploads\/2020\/06\/Logo-original.png\",\"contentUrl\":\"https:\/\/olivetree.hu\/wp-content\/uploads\/2020\/06\/Logo-original.png\",\"width\":500,\"height\":500,\"caption\":\"Olive Tree Forest Cabin Original\"},\"image\":{\"@id\":\"https:\/\/olivetree.hu\/#\/schema\/logo\/image\/\"}}]}<\/script>\n<!-- \/ Yoast SEO plugin. -->","yoast_head_json":{"title":"\u00c1SZF - Olive Tree Forest Cabin Original","robots":{"index":"index","follow":"follow","max-snippet":"max-snippet:-1","max-image-preview":"max-image-preview:large","max-video-preview":"max-video-preview:-1"},"canonical":"https:\/\/olivetree.hu\/en\/aszf\/","og_locale":"en_US","og_type":"article","og_title":"\u00c1SZF - Olive Tree Forest Cabin Original","og_description":"\u00c1SZF 1.\u00a0Preambulum Jelen \u00c1ltal\u00e1nos Szerz\u0151d\u00e9si Felt\u00e9telek (a tov\u00e1bbiakban: \u00c1SZF) c\u00e9lja, hogy teljesk\u00f6r\u0171en szab\u00e1lyozza a Vasser Joszif (a tov\u00e1bbiakban: Szolg\u00e1ltat\u00f3) \u00e1ltal ny\u00fajtott, az OLIVE TREE vend\u00e9gh\u00e1z sz\u00e1ll\u00e1shely\u00e9nek (a tov\u00e1bbiakban: Sz\u00e1ll\u00e1shely\/Szolg\u00e1ltat\u00e1s) \u00e9s&hellip;","og_url":"https:\/\/olivetree.hu\/en\/aszf\/","og_site_name":"Olive Tree Forest Cabin Original","article_modified_time":"2025-01-24T08:09:29+00:00","twitter_card":"summary_large_image","twitter_misc":{"Est. reading time":"25 minutes"},"schema":{"@context":"https:\/\/schema.org","@graph":[{"@type":"WebPage","@id":"https:\/\/olivetree.hu\/en\/aszf\/","url":"https:\/\/olivetree.hu\/en\/aszf\/","name":"\u00c1SZF - Olive Tree Forest Cabin Original","isPartOf":{"@id":"https:\/\/olivetree.hu\/#website"},"datePublished":"2025-01-24T08:06:43+00:00","dateModified":"2025-01-24T08:09:29+00:00","breadcrumb":{"@id":"https:\/\/olivetree.hu\/en\/aszf\/#breadcrumb"},"inLanguage":"en-US","potentialAction":[{"@type":"ReadAction","target":["https:\/\/olivetree.hu\/en\/aszf\/"]}]},{"@type":"BreadcrumbList","@id":"https:\/\/olivetree.hu\/en\/aszf\/#breadcrumb","itemListElement":[{"@type":"ListItem","position":1,"name":"Home","item":"https:\/\/olivetree.hu\/"},{"@type":"ListItem","position":2,"name":"\u00c1SZF"}]},{"@type":"WebSite","@id":"https:\/\/olivetree.hu\/#website","url":"https:\/\/olivetree.hu\/","name":"Olive Tree Forest Cabin Original","description":"Olive Tree Forest Cabin Original","publisher":{"@id":"https:\/\/olivetree.hu\/#organization"},"potentialAction":[{"@type":"SearchAction","target":{"@type":"EntryPoint","urlTemplate":"https:\/\/olivetree.hu\/?s={search_term_string}"},"query-input":{"@type":"PropertyValueSpecification","valueRequired":true,"valueName":"search_term_string"}}],"inLanguage":"en-US"},{"@type":"Organization","@id":"https:\/\/olivetree.hu\/#organization","name":"Olive Tree Forest Cabin Original","url":"https:\/\/olivetree.hu\/","logo":{"@type":"ImageObject","inLanguage":"en-US","@id":"https:\/\/olivetree.hu\/#\/schema\/logo\/image\/","url":"https:\/\/olivetree.hu\/wp-content\/uploads\/2020\/06\/Logo-original.png","contentUrl":"https:\/\/olivetree.hu\/wp-content\/uploads\/2020\/06\/Logo-original.png","width":500,"height":500,"caption":"Olive Tree Forest Cabin Original"},"image":{"@id":"https:\/\/olivetree.hu\/#\/schema\/logo\/image\/"}}]}},"_links":{"self":[{"href":"https:\/\/olivetree.hu\/en\/wp-json\/wp\/v2\/pages\/42520","targetHints":{"allow":["GET"]}}],"collection":[{"href":"https:\/\/olivetree.hu\/en\/wp-json\/wp\/v2\/pages"}],"about":[{"href":"https:\/\/olivetree.hu\/en\/wp-json\/wp\/v2\/types\/page"}],"author":[{"embeddable":true,"href":"https:\/\/olivetree.hu\/en\/wp-json\/wp\/v2\/users\/1"}],"replies":[{"embeddable":true,"href":"https:\/\/olivetree.hu\/en\/wp-json\/wp\/v2\/comments?post=42520"}],"version-history":[{"count":4,"href":"https:\/\/olivetree.hu\/en\/wp-json\/wp\/v2\/pages\/42520\/revisions"}],"predecessor-version":[{"id":42525,"href":"https:\/\/olivetree.hu\/en\/wp-json\/wp\/v2\/pages\/42520\/revisions\/42525"}],"wp:attachment":[{"href":"https:\/\/olivetree.hu\/en\/wp-json\/wp\/v2\/media?parent=42520"}],"curies":[{"name":"wp","href":"https:\/\/api.w.org\/{rel}","templated":true}]}}